{"id":3,"date":"2021-02-12T18:26:26","date_gmt":"2021-02-12T18:26:26","guid":{"rendered":"http:\/\/hacklima.hu\/?page_id=3"},"modified":"2021-05-09T20:10:16","modified_gmt":"2021-05-09T19:10:16","slug":"adatkezelesi-tajekoztato","status":"publish","type":"page","link":"https:\/\/hacklima.hu\/de\/adatkezelesi-tajekoztato\/","title":{"rendered":"Adatv\u00e9delmi ir\u00e1nyelvek"},"content":{"rendered":"<p>[et_pb_section fb_built=&#8221;1&#8243; custom_padding_last_edited=&#8221;on|phone&#8221; next_background_color=&#8221;#ffffff&#8221; admin_label=&#8221;Hero&#8221; module_id=&#8221;top&#8221; _builder_version=&#8221;4.9.1&#8243; background_enable_color=&#8221;off&#8221; use_background_color_gradient=&#8221;on&#8221; background_color_gradient_start=&#8221;#1c8ac9&#8243; background_color_gradient_end=&#8221;rgba(28,138,201,0.8)&#8221; background_color_gradient_overlays_image=&#8221;on&#8221; background_image=&#8221;https:\/\/hacklima.hu\/wp-content\/uploads\/2021\/02\/gdpr-1.png&#8221; background_size=&#8221;contain&#8221; background_position=&#8221;center_right&#8221; custom_padding=&#8221;40px|0px|40px||true|false&#8221; custom_padding_tablet=&#8221;&#8221; custom_padding_phone=&#8221;&#8221; bottom_divider_style=&#8221;arrow2&#8243; bottom_divider_height=&#8221;60px&#8221; animation_style=&#8221;slide&#8221; animation_direction=&#8221;top&#8221; animation_duration=&#8221;400ms&#8221; animation_intensity_slide=&#8221;5%&#8221;][et_pb_row _builder_version=&#8221;4.4.8&#8243; background_size=&#8221;initial&#8221; background_position=&#8221;top_left&#8221; background_repeat=&#8221;repeat&#8221;][et_pb_column type=&#8221;4_4&#8243; _builder_version=&#8221;3.25&#8243; custom_padding=&#8221;|||&#8221; custom_padding__hover=&#8221;|||&#8221;][et_pb_text _builder_version=&#8221;4.9.1&#8243; header_font=&#8221;|||on|||||&#8221; header_text_align=&#8221;left&#8221; header_text_color=&#8221;#FFFFFF&#8221; header_font_size=&#8221;50px&#8221; header_font_size_tablet=&#8221;&#8221; header_font_size_phone=&#8221;40px&#8221; header_font_size_last_edited=&#8221;on|phone&#8221;]<\/p>\n<h1>Datenschutz- und Cookie-Informationen<\/h1>\n<p>[\/et_pb_text][et_pb_text _builder_version=&#8221;4.9.1&#8243; header_3_text_align=&#8221;center&#8221; header_3_font_size=&#8221;28px&#8221; header_4_text_align=&#8221;left&#8221; header_4_text_color=&#8221;#EBE7E4&#8243; header_4_font_size=&#8221;24px&#8221;]<\/p>\n<h4>amelyben t\u00e1j\u00e9koztatjuk \u00d6nt, mint honlapunk l\u00e1togat\u00f3j\u00e1t valamint szolg\u00e1ltat\u00e1saink ig\u00e9nybe vev\u0151j\u00e9t t\u00e1rsas\u00e1gunk adatkezel\u00e9si, adatv\u00e9delmi \u00e9s s\u00fcti szab\u00e1lyair\u00f3l.<\/h4>\n<p>[\/et_pb_text][\/et_pb_column][\/et_pb_row][\/et_pb_section][et_pb_section fb_built=&#8221;1&#8243; _builder_version=&#8221;4.4.8&#8243; custom_padding=&#8221;||89px|||&#8221;][et_pb_row _builder_version=&#8221;4.4.8&#8243;][et_pb_column type=&#8221;4_4&#8243; _builder_version=&#8221;4.4.8&#8243;][et_pb_button button_url=&#8221;\/#gdpr_cookie_modal&#8221; button_text=&#8221;A s\u00fcti be\u00e1ll\u00edt\u00e1sok m\u00f3dos\u00edt\u00e1s\u00e1hoz kattintson ide!&#8221; button_alignment=&#8221;center&#8221; _builder_version=&#8221;4.9.0&#8243; custom_button=&#8221;on&#8221; button_text_color=&#8221;#ffffff&#8221; button_bg_color=&#8221;#f49c44&#8243; animation_style=&#8221;bounce&#8221;][\/et_pb_button][\/et_pb_column][\/et_pb_row][et_pb_row column_structure=&#8221;2_3,1_3&#8243; _builder_version=&#8221;4.4.8&#8243;][et_pb_column type=&#8221;2_3&#8243; _builder_version=&#8221;4.4.8&#8243;][et_pb_text _builder_version=&#8221;4.4.8&#8243; link_font=&#8221;|600|||||||&#8221;]<\/p>\n<p>Az oldal SPAM v\u00e9delm\u00e9r\u0151l a Google reCAPTCHA v3 gondoskodik.<br \/> A Google <a href=\"https:\/\/policies.google.com\/privacy\">adatv\u00e9delmi ir\u00e1nyelvei<\/a> and <a href=\"https:\/\/policies.google.com\/terms\">szolg\u00e1ltat\u00e1si felt\u00e9telei<\/a> \u00e9rv\u00e9nyesek.<\/p>\n<p>This site is protected by reCAPTCHA and the Google <a href=\"https:\/\/policies.google.com\/privacy\">Privacy Policy<\/a> and <a href=\"https:\/\/policies.google.com\/terms\">Terms of Service<\/a> apply.<\/p>\n<p>[\/et_pb_text][\/et_pb_column][et_pb_column type=&#8221;1_3&#8243; _builder_version=&#8221;4.4.8&#8243;][et_pb_image src=&#8221;https:\/\/hacklima.hu\/wp-content\/uploads\/2021\/02\/recaptcha-v3-logo-1024&#215;240-1.png&#8221; title_text=&#8221;recaptcha-v3-logo-1024&#215;240 (1)&#8221; _builder_version=&#8221;4.4.8&#8243;][\/et_pb_image][\/et_pb_column][\/et_pb_row][\/et_pb_section][et_pb_section fb_built=&#8221;1&#8243; _builder_version=&#8221;4.9.1&#8243; background_color=&#8221;#EBE7E4&#8243;][et_pb_row _builder_version=&#8221;4.9.0&#8243; _module_preset=&#8221;default&#8221;][et_pb_column type=&#8221;4_4&#8243; _builder_version=&#8221;4.9.0&#8243; _module_preset=&#8221;default&#8221;][et_pb_text _builder_version=&#8221;4.9.0&#8243; _module_preset=&#8221;default&#8221;]<\/p>\n<h2><strong>Kik vagyunk?<\/strong><\/h2>\n<p>[\/et_pb_text][dvmd_table_maker tbl_column_header_count=&#8221;0&#8243; tbl_row_header_count=&#8221;0&#8243; tbl_responsive_breakpoint=&#8221;max_width_767&#8243; tbl_responsive_break_by=&#8221;row&#8221; _builder_version=&#8221;4.9.4&#8243; _module_preset=&#8221;default&#8221;][dvmd_table_maker_item col_content=&#8221;A T\u00e1rsas\u00e1gunk neve<br \/>\nA t\u00e1rsas\u00e1gunk sz\u00e9khelye<br \/>\nA T\u00e1rsas\u00e1gunk honlapja<br \/>\nPostac\u00edm\u00fcnk<br \/>\nTelefonsz\u00e1munk<br \/>\nE-mail c\u00edm\u00fcnk<br \/>\nAd\u00f3sz\u00e1munk<br \/>\nC\u00e9gjegyz\u00e9ksz\u00e1munk&#8221; col_tcell_cell_color=&#8221;#1c8ac9&#8243; _builder_version=&#8221;4.9.0&#8243; _module_preset=&#8221;default&#8221; col_tcell_text_text_color=&#8221;#FFFFFF&#8221;][\/dvmd_table_maker_item][dvmd_table_maker_item col_content=&#8221;HAC Eur\u00f3pa Korl\u00e1tolt Felel\u0151ss\u00e9g\u0171 T\u00e1rsas\u00e1g<br \/>\n6500 Baja, Keszeg Str. 7. Geb\u00e4ude \"A\"<br \/>\nhacklima.hu<br \/>\n6500 Baja, Keszeg Str. 7. Geb\u00e4ude \"A\"<br \/>\n+36 70\/450-2545<br \/>\nsoosgabor6500@gmail.com<br \/>\n27078949-2-03<br \/>\n03-09-133061&#8243; _builder_version=&#8221;4.9.4&#8243; _module_preset=&#8221;default&#8221;][\/dvmd_table_maker_item][\/dvmd_table_maker][et_pb_text _builder_version=&#8221;4.9.0&#8243; _module_preset=&#8221;default&#8221;]<\/p>\n<p>T\u00e1rsas\u00e1gunk a GDPR 37. cikke alapj\u00e1n nem k\u00f6teles adatv\u00e9delmi tisztvisel\u0151 kinevez\u00e9s\u00e9re.<\/p>\n<p>T\u00e1rsas\u00e1gunk t\u00e1rhely szolg\u00e1ltat\u00f3ja:<\/p>\n<p>[\/et_pb_text][dvmd_table_maker tbl_column_header_count=&#8221;0&#8243; tbl_row_header_count=&#8221;0&#8243; tbl_responsive_breakpoint=&#8221;max_width_767&#8243; tbl_responsive_break_by=&#8221;row&#8221; _builder_version=&#8221;4.9.0&#8243; _module_preset=&#8221;default&#8221;][dvmd_table_maker_item col_content=&#8221;T\u00e1rhelyszolg\u00e1ltat\u00f3 neve<br \/>\nT\u00e1rhelyszolg\u00e1ltat\u00f3 sz\u00e9khelye<br \/>\nT\u00e1rhelyszolg\u00e1ltat\u00f3 honlapja<br \/>\nT\u00e1rhelyszolg\u00e1ltat\u00f3 email c\u00edme&#8221; col_tcell_cell_color=&#8221;#1c8ac9&#8243; _builder_version=&#8221;4.9.0&#8243; _module_preset=&#8221;default&#8221; col_tcell_text_text_color=&#8221;#FFFFFF&#8221;][\/dvmd_table_maker_item][dvmd_table_maker_item col_content=&#8221;HostingBazis Bt.<br \/>\n4642 Tornyosp\u00e1lca, M\u00e1ndoki utca 40.<br \/>\nhttps:\/\/hostingbazis.hu\/<br \/>\ninfo@hostingbazis.hu&#8221; _builder_version=&#8221;4.9.0&#8243; _module_preset=&#8221;default&#8221;][\/dvmd_table_maker_item][\/dvmd_table_maker][et_pb_text _builder_version=&#8221;4.9.0&#8243; _module_preset=&#8221;default&#8221;]<\/p>\n<p>T\u00e1rsas\u00e1gunk az adatok kezel\u00e9se sor\u00e1n \u2013 \u00fcgyfeleink sz\u00ednvonalas kiszolg\u00e1l\u00e1sa \u00e9rdek\u00e9ben \u2013 az al\u00e1bbi adatfeldolgoz\u00f3kat veszi ig\u00e9nybe:<\/p>\n<p>[\/et_pb_text][dvmd_table_maker tbl_row_header_count=&#8221;0&#8243; tbl_responsive_break_by=&#8221;row&#8221; _builder_version=&#8221;4.9.0&#8243; _module_preset=&#8221;default&#8221;][dvmd_table_maker_item col_content=&#8221;N\u00e9v<br \/>\nHAC Eur\u00f3pa Kft.&#8221; _builder_version=&#8221;4.9.0&#8243; _module_preset=&#8221;default&#8221;][\/dvmd_table_maker_item][dvmd_table_maker_item col_content=&#8221;C\u00edm<br \/>\n6500 Baja, Keszeg utca 7. A. \u00e9p.&#8221; _builder_version=&#8221;4.9.0&#8243; _module_preset=&#8221;default&#8221;][\/dvmd_table_maker_item][dvmd_table_maker_item col_content=&#8221;Tev\u00e9kenys\u00e9g<br \/>\nKlimatiz\u00e1ci\u00f3, Szell\u0151ztet\u0151 rendszer ki\u00e9p\u00edt\u00e9s, H\u00fct\u0151kamra be\u00e9p\u00edt\u00e9s&#8221; _builder_version=&#8221;4.9.0&#8243; _module_preset=&#8221;default&#8221;][\/dvmd_table_maker_item][\/dvmd_table_maker][\/et_pb_column][\/et_pb_row][\/et_pb_section][et_pb_section fb_built=&#8221;1&#8243; _builder_version=&#8221;3.22&#8243;][et_pb_row _builder_version=&#8221;3.25&#8243; background_size=&#8221;initial&#8221; background_position=&#8221;top_left&#8221; background_repeat=&#8221;repeat&#8221;][et_pb_column type=&#8221;4_4&#8243; _builder_version=&#8221;3.25&#8243; custom_padding=&#8221;|||&#8221; custom_padding__hover=&#8221;|||&#8221;][et_pb_text _builder_version=&#8221;4.9.0&#8243; _module_preset=&#8221;default&#8221;]<\/p>\n<h2><strong>Az \u00e1ltalunk kezelt adatok:<\/strong><\/h2>\n<p>[\/et_pb_text][et_pb_text _builder_version=&#8221;4.9.0&#8243; _module_preset=&#8221;default&#8221;]<\/p>\n<p><strong>Tev\u00e9kenys\u00e9g megnevez\u00e9se \u00e9s az adatkezel\u00e9s c\u00e9lja<\/strong><\/p>\n<p>[\/et_pb_text][dvmd_table_maker tbl_row_header_count=&#8221;0&#8243; tbl_responsive_break_by=&#8221;row&#8221; _builder_version=&#8221;4.9.0&#8243; _module_preset=&#8221;default&#8221;][dvmd_table_maker_item col_content=&#8221;Honlap l\u00e1togat\u00e1sa<br \/>\nC\u00e9l a honlap rendeltet\u00e9sszer\u0171 \u00e9s sz\u00ednvonalas m\u0171k\u00f6d\u00e9s\u00e9nek biztos\u00edt\u00e1sa, a szolg\u00e1ltat\u00e1saink min\u0151s\u00e9g\u00e9nek ellen\u0151rz\u00e9se \u00e9s jav\u00edt\u00e1sa. A rosszindulat\u00fa, weboldalunkat t\u00e1mad\u00f3 l\u00e1togat\u00f3k beazonos\u00edt\u00e1sa, a l\u00e1togatotts\u00e1g m\u00e9r\u00e9se, statisztikai c\u00e9lok.&#8221; _builder_version=&#8221;4.9.0&#8243; _module_preset=&#8221;default&#8221;][\/dvmd_table_maker_item][dvmd_table_maker_item col_content=&#8221;Jogalap<br \/>\nT\u00e1rsas\u00e1gunk jogos \u00e9rdeke&#8221; _builder_version=&#8221;4.9.0&#8243; _module_preset=&#8221;default&#8221;][\/dvmd_table_maker_item][dvmd_table_maker_item col_content=&#8221;Kezelt adatok<br \/>\nIP c\u00edm, a l\u00e1togat\u00e1s id\u0151pontja, a megl\u00e1togatott aloldalak adatai, az \u00d6n \u00e1ltal haszn\u00e1lt oper\u00e1ci\u00f3s rendszer \u00e9s b\u00f6ng\u00e9sz\u0151 t\u00edpusa&#8221; _builder_version=&#8221;4.9.0&#8243; _module_preset=&#8221;default&#8221;][\/dvmd_table_maker_item][dvmd_table_maker_item col_content=&#8221;Id\u0151tartam<br \/>\n12 h\u00f3nap&#8221; _builder_version=&#8221;4.9.0&#8243; _module_preset=&#8221;default&#8221;][\/dvmd_table_maker_item][\/dvmd_table_maker][et_pb_text _builder_version=&#8221;4.9.0&#8243; _module_preset=&#8221;default&#8221;]<\/p>\n<ul>\n<li>A weboldalunk l\u00e1togat\u00f3inkt\u00f3l csak akkor k\u00e9rj\u00fck szem\u00e9lyes adataikat, ha regisztr\u00e1lni, bejelentkezni szeretn\u00e9nek, illetve nyerem\u00e9nyj\u00e1t\u00e9kban r\u00e9szt venni vagy honlapunkon a Kapcsolat men\u00fcpontban a webes \u0171rlapon kereszt\u00fcl veszi fel vel\u00fcnk a kapcsolatot.<\/li>\n<li>A megadott szem\u00e9lyes adatokat nem kapcsolhatjuk \u00f6ssze \u00e9s a l\u00e1togat\u00f3ink beazonos\u00edt\u00e1sa alapvet\u0151en nem c\u00e9lunk.<\/li>\n<li>Az adatkezel\u00e9ssel kapcsolatos k\u00e9rd\u00e9seivel \u00d6n a\u00a0<strong>sugomediabt@gmail.com\u00a0<\/strong>e-mail, illetve a &#8222;Kik vagyunk?&#8221; postac\u00edmen k\u00e9rhet tov\u00e1bbi t\u00e1j\u00e9koztat\u00e1st. V\u00e1laszunkat 15 napon bel\u00fcl (legfeljebb azonban 1 h\u00f3napon bel\u00fcl) megk\u00fcldj\u00fck \u00d6nnek az \u00d6n \u00e1ltal megadott el\u00e9rhet\u0151s\u00e9gre.<\/li>\n<\/ul>\n<p>[\/et_pb_text][\/et_pb_column][\/et_pb_row][\/et_pb_section][et_pb_section fb_built=&#8221;1&#8243; _builder_version=&#8221;4.9.1&#8243; background_color=&#8221;rgba(160,212,233,0.75)&#8221;][et_pb_row _builder_version=&#8221;3.25&#8243; background_size=&#8221;initial&#8221; background_position=&#8221;top_left&#8221; background_repeat=&#8221;repeat&#8221;][et_pb_column type=&#8221;4_4&#8243; _builder_version=&#8221;3.25&#8243; custom_padding=&#8221;|||&#8221; custom_padding__hover=&#8221;|||&#8221;][et_pb_text _builder_version=&#8221;4.9.0&#8243; _module_preset=&#8221;default&#8221;]<\/p>\n<h2><strong>Mik azok a s\u00fctik \u00e9s hogyan kezelj\u00fck \u0151ket?<\/strong><\/h2>\n<p>[\/et_pb_text][et_pb_text _builder_version=&#8221;4.9.0&#8243; _module_preset=&#8221;default&#8221;]<\/p>\n<p>A s\u00fctik (cookie-k) olyan kism\u00e9ret\u0171 adatf\u00e1jlok (tov\u00e1bbiakban: s\u00fctik), amelyek a weboldalon kereszt\u00fcl a weboldal haszn\u00e1lat\u00e1val ker\u00fclnek az \u00d6n sz\u00e1m\u00edt\u00f3g\u00e9p\u00e9re. Ezeket a f\u00e1jlokat az \u00d6n internetes b\u00f6ng\u00e9sz\u0151je menti le \u00e9s t\u00e1rolja el. A hat\u00e9kony \u00e9s modern felhaszn\u00e1l\u00f3i \u00e9lm\u00e9nyt ny\u00fajt\u00f3 online szolg\u00e1ltat\u00e1s m\u0171k\u00f6d\u00e9s\u00e9hez elengedhetetlen technol\u00f3gia, amelyet manaps\u00e1g minden b\u00f6ng\u00e9sz\u0151 t\u00e1mogat. A leggyakrabban haszn\u00e1lt internetes b\u00f6ng\u00e9sz\u0151k (Chrome, Firefox, stb.) t\u00f6bbs\u00e9ge alapbe\u00e1ll\u00edt\u00e1sk\u00e9nt elfogadja \u00e9s enged\u00e9lyezi a s\u00fctik let\u00f6lt\u00e9s\u00e9t \u00e9s haszn\u00e1lat\u00e1t. Az viszont m\u00e1r \u00d6nt\u0151l f\u00fcgg, hogy a b\u00f6ng\u00e9sz\u0151 be\u00e1ll\u00edt\u00e1sainak m\u00f3dos\u00edt\u00e1s\u00e1val ezeket visszautas\u00edtja vagy letiltja, illetve \u00d6n a m\u00e1r a sz\u00e1m\u00edt\u00f3g\u00e9pen l\u00e9v\u0151 elt\u00e1rolt s\u00fctiket is tudja t\u00f6r\u00f6lni.\u00a0 A s\u00fctik haszn\u00e1lat\u00e1r\u00f3l az egyes b\u00f6ng\u00e9sz\u0151k \u201es\u00fag\u00f3\u201d men\u00fcpontja ny\u00fajt b\u0151vebb t\u00e1j\u00e9koztat\u00e1st.<\/p>\n<p>[\/et_pb_text][et_pb_text _builder_version=&#8221;4.9.0&#8243; _module_preset=&#8221;default&#8221;]<\/p>\n<h3>A legn\u00e9pszer\u0171bb b\u00f6ng\u00e9sz\u0151k s\u00fcti be\u00e1ll\u00edt\u00e1sair\u00f3l az al\u00e1bbi linkeken t\u00e1j\u00e9koz\u00f3dhat:<\/h3>\n<p>[\/et_pb_text][et_pb_text _builder_version=&#8221;4.9.0&#8243; _module_preset=&#8221;default&#8221;]<\/p>\n<ul>\n<li>Google Chrome: <a href=\"https:\/\/support.google.com\/accounts\/answer\/61416?hl=hu\">https:\/\/support.google.com\/accounts\/answer\/61416?hl=hu<\/a><\/li>\n<li>Firefox: <a href=\"https:\/\/support.mozilla.org\/hu\/kb\/sutik-informacio-amelyet-weboldalak-tarolnak-szami\">https:\/\/support.mozilla.org\/hu\/kb\/sutik-informacio-amelyet-weboldalak-tarolnak-szami<\/a><\/li>\n<li>Microsoft Internet Explorer: <a href=\"https:\/\/support.microsoft.com\/hu-hu\/help\/17442\/windows-internet-explorer-delete-manage-cookies#ie=ie-11\">https:\/\/support.microsoft.com\/hu-hu\/help\/17442\/windows-internet-explorer-delete-manage-cookies#ie=ie-11<\/a><\/li>\n<li>Microsoft Edge: <a href=\"https:\/\/privacy.microsoft.com\/hu-HU\/windows-10-microsoft-edge-and-privacy\">https:\/\/privacy.microsoft.com\/hu-HU\/windows-10-microsoft-edge-and-privacy<\/a><\/li>\n<li>Safari: <a href=\"https:\/\/support.apple.com\/hu-hu\/HT201265\">https:\/\/support.apple.com\/hu-hu\/HT201265<\/a>\u00a0(iPhone, iPad, iPod Touch eset\u00e9n)<\/li>\n<li>Safari:\u00a0<a href=\"https:\/\/support.apple.com\/hu-hu\/guide\/safari\/sfri11471\/mac\">https:\/\/support.apple.com\/hu-hu\/guide\/safari\/sfri11471\/mac<\/a>\u00a0(Mac g\u00e9p eset\u00e9n)<\/li>\n<li>Vannak olyan s\u00fctik, amelyek nem ig\u00e9nylik az \u00d6n el\u0151zetes hozz\u00e1j\u00e1rul\u00e1s\u00e1t. Ezekr\u0151l weblapunk az \u00d6n els\u0151 l\u00e1togat\u00e1s\u00e1nak megkezd\u00e9sekor ad r\u00f6vid t\u00e1j\u00e9koztat\u00e1st. Ilyenek p\u00e9ld\u00e1ul a hiteles\u00edt\u00e9si, multim\u00e9dia-lej\u00e1tsz\u00f3, terhel\u00e9skiegyenl\u00edt\u0151, a felhaszn\u00e1l\u00f3i fel\u00fclet testreszab\u00e1s\u00e1t seg\u00edt\u0151 munkamenet-s\u00fctik, valamint a felhaszn\u00e1l\u00f3-k\u00f6zpont\u00fa biztons\u00e1gi s\u00fctik.<\/li>\n<li>A hozz\u00e1j\u00e1rul\u00e1st ig\u00e9nyl\u0151 s\u00fctikr\u0151l \u2013 amennyiben az adatkezel\u00e9s m\u00e1r az oldal felkeres\u00e9s\u00e9vel megkezd\u0151dik \u2013 a T\u00e1rsas\u00e1gunk az els\u0151 l\u00e1togat\u00e1s megkezd\u00e9sekor t\u00e1j\u00e9koztatja \u00d6nt \u00e9s k\u00e9rj\u00fck az \u00d6n hozz\u00e1j\u00e1rul\u00e1s\u00e1t.<\/li>\n<li>T\u00e1rsas\u00e1gunk nem alkalmaz \u00e9s nem is enged\u00e9lyez olyan s\u00fctiket, amelyek seg\u00edts\u00e9g\u00e9vel harmadik szem\u00e9lyek az \u00d6n hozz\u00e1j\u00e1rul\u00e1sa n\u00e9lk\u00fcl adatot gy\u0171jthetnek.<\/li>\n<li>A s\u00fctik elfogad\u00e1sa nem k\u00f6telez\u0151, a T\u00e1rsas\u00e1gunk azonban nem v\u00e1llal az\u00e9rt felel\u0151ss\u00e9get, ha s\u00fctik enged\u00e9lyez\u00e9se hi\u00e1ny\u00e1ban a weblapunk esetleg nem az elv\u00e1rt m\u00f3don m\u0171k\u00f6dik.<\/li>\n<\/ul>\n<p>[\/et_pb_text][\/et_pb_column][\/et_pb_row][\/et_pb_section][et_pb_section fb_built=&#8221;1&#8243; _builder_version=&#8221;3.22&#8243;][et_pb_row _builder_version=&#8221;3.25&#8243; background_size=&#8221;initial&#8221; background_position=&#8221;top_left&#8221; background_repeat=&#8221;repeat&#8221;][et_pb_column type=&#8221;4_4&#8243; _builder_version=&#8221;3.25&#8243; custom_padding=&#8221;|||&#8221; custom_padding__hover=&#8221;|||&#8221;][et_pb_text _builder_version=&#8221;4.9.0&#8243; _module_preset=&#8221;default&#8221;]<\/p>\n<h1><strong>Milyen s\u00fctiket alkalmazunk \u00e9s mire haszn\u00e1ljuk azokat?<\/strong><\/h1>\n<p>[\/et_pb_text][et_pb_text _builder_version=&#8221;4.9.1&#8243; _module_preset=&#8221;default&#8221;]<\/p>\n<h3>A HAC Eur\u00f3pa Kft. a s\u00fctiket a k\u00f6vetkez\u0151 c\u00e9lokb\u00f3l haszn\u00e1lja:<\/h3>\n<p>[\/et_pb_text][et_pb_text _builder_version=&#8221;4.9.0&#8243; _module_preset=&#8221;default&#8221;]<\/p>\n<ul>\n<li>weboldalunk fejleszt\u00e9se,<\/li>\n<li>az \u00d6n navig\u00e1ci\u00f3j\u00e1nak megk\u00f6nny\u00edt\u00e9se weboldalunkon \u00e9s az oldal funkci\u00f3inak haszn\u00e1lata sor\u00e1n, \u00edgy biztos\u00edtva a z\u00f6kken\u0151mentes felhaszn\u00e1l\u00f3i \u00e9lm\u00e9nyt,<\/li>\n<li>inform\u00e1ci\u00f3 gy\u0171jt\u00e9se azzal kapcsolatban, hogyan haszn\u00e1lja weboldalunkat &#8211; annak felm\u00e9r\u00e9s\u00e9vel, hogy weboldalunk melyik r\u00e9szeit l\u00e1togatja vagy haszn\u00e1lja legink\u00e1bb, \u00edgy megtudhatjuk, hogyan biztos\u00edtsunk \u00d6nnek m\u00e9g jobb felhaszn\u00e1l\u00f3i \u00e9lm\u00e9nyt, ha ism\u00e9t megl\u00e1togatja oldalunkat,<\/li>\n<li>c\u00e9lzott hirdet\u00e9sek elhelyez\u00e9se m\u00e1s weboldalakon,<\/li>\n<li>b\u00f6ng\u00e9sz\u0151 felhaszn\u00e1l\u00f3k megk\u00fcl\u00f6nb\u00f6ztet\u00e9se, azonos\u00edt\u00e1sa,<\/li>\n<li>a weboldalon v\u00e9gzett tev\u00e9kenys\u00e9gek nyomon k\u00f6vet\u00e9s\u00e9re az\u00e9rt, hogy m\u00e9g ink\u00e1bb az \u00d6nt \u00e9rdekl\u0151 vagy az \u00d6n sz\u00e1m\u00e1ra fontos, relev\u00e1ns aj\u00e1nlatokr\u00f3l \u00fczenetet juttathassunk el az \u00d6n sz\u00e1m\u00e1ra.<\/li>\n<\/ul>\n<p>[\/et_pb_text][et_pb_text _builder_version=&#8221;4.9.0&#8243; _module_preset=&#8221;default&#8221;]<\/p>\n<h3>A s\u00fctik t\u00edpusai<\/h3>\n<p>[\/et_pb_text][et_pb_text _builder_version=&#8221;4.9.0&#8243; _module_preset=&#8221;default&#8221;]<\/p>\n<ul>\n<li>Alapm\u0171k\u00f6d\u00e9st biztos\u00edt\u00f3 s\u00fctik: Ezen s\u00fctik biztos\u00edtj\u00e1k a weboldal megfelel\u0151 m\u0171k\u00f6d\u00e9s\u00e9t, megk\u00f6nny\u00edtik annak haszn\u00e1lat\u00e1t, \u00e9s l\u00e1togat\u00f3ink azonos\u00edt\u00e1sa n\u00e9lk\u00fcl gy\u0171jtenek inform\u00e1ci\u00f3t a haszn\u00e1lat\u00e1r\u00f3l. Ide tartozik p\u00e9ld\u00e1ul a s\u00fctikezel\u00e9s elfogad\u00e1s\u00e1nak st\u00e1tusza, bejelentkez\u00e9si m\u00f3dok \u00e9s adatok megjegyz\u00e9se, weboldal \u00e9rtes\u00edt\u00e9si \u00fczenetek st\u00e1tusza. Ne feledje, ezen s\u00fctik alkalmaz\u00e1sa n\u00e9lk\u00fcl nem tudjuk garant\u00e1lni \u00d6nnek weboldalunk k\u00e9nyelmes haszn\u00e1lat\u00e1t!<\/li>\n<li>Statisztikai c\u00e9l\u00fa s\u00fctik: Weboldalunk fejleszt\u00e9s\u00e9nek, valamint a felhaszn\u00e1l\u00f3k sz\u00e1m\u00e1ra biztos\u00edtott \u00e9lm\u00e9nyek jav\u00edt\u00e1s\u00e1nak c\u00e9lj\u00e1b\u00f3l olyan s\u00fctiket is haszn\u00e1lunk, melyek lehet\u0151v\u00e9 teszik sz\u00e1munkra, hogy inform\u00e1ci\u00f3t gy\u0171jts\u00fcnk azzal kapcsolatban, hogyan haszn\u00e1lj\u00e1k l\u00e1togat\u00f3ink weboldalunkat. Ezek a s\u00fctik nem tudj\u00e1k \u00d6nt szem\u00e9ly szerint beazonos\u00edtani. Olyan inform\u00e1ci\u00f3kat gy\u0171jtenek, mint pl. hogy melyik oldalt n\u00e9zett meg a l\u00e1togat\u00f3nk, a felhaszn\u00e1l\u00f3 a weboldal mely r\u00e9sz\u00e9re kattintott, h\u00e1ny oldalt keresett fel, milyen hossz\u00fa volt az egyes munkamenetek megtekint\u00e9si ideje, melyek voltak az esetleges hiba\u00fczenetek. Ilyen teljes\u00edtm\u00e9nyt biztos\u00edt\u00f3 s\u00fctik a Google Analytics s\u00fctijei is.<\/li>\n<\/ul>\n<p>[\/et_pb_text][dvmd_table_maker _builder_version=&#8221;4.9.0&#8243; _module_preset=&#8221;default&#8221;][dvmd_table_maker_item col_content=&#8221;T\u00edpus<br \/>\nrendszer s\u00fctik<br \/>\nCookie figyelmeztet\u00e9s<br \/>\nnyomk\u00f6vet\u0151 s\u00fcti (harmadik f\u00e9lt\u0151l sz\u00e1rmaz\u00f3)&#8221; _builder_version=&#8221;4.9.0&#8243; _module_preset=&#8221;default&#8221;][\/dvmd_table_maker_item][dvmd_table_maker_item col_content=&#8221;N\u00e9v<\/p>\n<p>viewed_cookie_policy; cookielawinfo-checkbox-necessary; cookielawinfo-checkbox-non-necessary<br \/>\n_ga; _gid&#8221; _builder_version=&#8221;4.9.0&#8243; _module_preset=&#8221;default&#8221;][\/dvmd_table_maker_item][dvmd_table_maker_item col_content=&#8221;Hozz\u00e1j\u00e1rul\u00e1s<br \/>\nnem ig\u00e9nyel<br \/>\nAz \u00d6n hozz\u00e1j\u00e1rul\u00e1sa sz\u00fcks\u00e9ges<br \/>\nAz \u00d6n hozz\u00e1j\u00e1rul\u00e1sa sz\u00fcks\u00e9ges&#8221; _builder_version=&#8221;4.9.0&#8243; _module_preset=&#8221;default&#8221;][\/dvmd_table_maker_item][dvmd_table_maker_item col_content=&#8221;Le\u00edr\u00e1s<br \/>\na webes alkalmaz\u00e1s t\u0171zfal\u00e1nak session s\u00fctije, amely a kereszthivatkoz\u00e1sok elleni vissza\u00e9l\u00e9s megel\u0151z\u00e9s\u00e9re szolg\u00e1l<br \/>\na cookiek enged\u00e9lyez\u00e9s\u00e9re vagy tilt\u00e1s\u00e1ra szolg\u00e1l<br \/>\n\u00faj session-\u00f6k \u00e9s l\u00e1togat\u00f3k azonos\u00edt\u00e1s\u00e1ra,  a Google Analytics webes nyomk\u00f6vet\u0151 szolg\u00e1ltat\u00e1s&#8221; _builder_version=&#8221;4.9.0&#8243; _module_preset=&#8221;default&#8221;][\/dvmd_table_maker_item][dvmd_table_maker_item col_content=&#8221;C\u00e9l<br \/>\nhonlap m\u0171k\u00f6d\u00e9s\u00e9nek biztos\u00edt\u00e1sa<br \/>\nhonlap jogszer\u0171 m\u0171k\u00f6d\u00e9s\u00e9nek biztos\u00edt\u00e1sa<br \/>\na weboldal l\u00e1togat\u00e1sa sor\u00e1n harmadik szem\u00e9lyek (pl. Google) szolg\u00e1ltat\u00e1saihoz kapcsol\u00f3dik&#8221; _builder_version=&#8221;4.9.0&#8243; _module_preset=&#8221;default&#8221;][\/dvmd_table_maker_item][dvmd_table_maker_item col_content=&#8221;\u00c9rv\u00e9nyess\u00e9g<br \/>\nb\u00f6ng\u00e9sz\u0151 session v\u00e9ge<br \/>\n12 h\u00f3nap<br \/>\n14 h\u00f3nap&#8221; _builder_version=&#8221;4.9.0&#8243; _module_preset=&#8221;default&#8221;][\/dvmd_table_maker_item][\/dvmd_table_maker][et_pb_text _builder_version=&#8221;4.9.0&#8243; _module_preset=&#8221;default&#8221;]<\/p>\n<ul>\n<li>A harmadik f\u00e9lt\u0151l sz\u00e1rmaz\u00f3 s\u00fctir\u0151l (third party cookie) r\u00e9szletesen itt\u00a0<a href=\"https:\/\/www.google.com\/policies\/technologies\/types\/\">https:\/\/www.google.com\/policies\/technologies\/types\/<\/a>, az adatv\u00e9delemr\u0151l pedig itt\u00a0<a href=\"https:\/\/www.google.com\/analytics\/learn\/privacy.html?hl=hu\">https:\/\/www.google.com\/analytics\/learn\/privacy.html?hl=hu<\/a>\u00a0olvashat.<\/li>\n<\/ul>\n<p>[\/et_pb_text][\/et_pb_column][\/et_pb_row][\/et_pb_section][et_pb_section fb_built=&#8221;1&#8243; _builder_version=&#8221;4.9.1&#8243; background_color=&#8221;#EBE7E4&#8243;][et_pb_row _builder_version=&#8221;3.25&#8243; background_size=&#8221;initial&#8221; background_position=&#8221;top_left&#8221; background_repeat=&#8221;repeat&#8221;][et_pb_column type=&#8221;4_4&#8243; _builder_version=&#8221;3.25&#8243; custom_padding=&#8221;|||&#8221; custom_padding__hover=&#8221;|||&#8221;][et_pb_text _builder_version=&#8221;4.9.0&#8243; _module_preset=&#8221;default&#8221;]<\/p>\n<h2>Mit kell tudni m\u00e9g a honlapunkkal kapcsolatos adatkezel\u00e9s\u00fcnkr\u0151l?<\/h2>\n<p>[\/et_pb_text][et_pb_text _builder_version=&#8221;4.9.0&#8243;]<\/p>\n<p>A szem\u00e9lyes adatokat \u00d6n \u00f6nk\u00e9ntesen bocs\u00e1tja rendelkez\u00e9s\u00fcnkre a regisztr\u00e1ci\u00f3 illetve a T\u00e1rsas\u00e1gunkkal val\u00f3 kapcsolattart\u00e1sa sor\u00e1n. K\u00e9rj\u00fck, hogy adatai k\u00f6zl\u00e9sekor fokozatosan \u00fcgyeljen azok val\u00f3dis\u00e1g\u00e1ra, helyess\u00e9g\u00e9re \u00e9s pontoss\u00e1g\u00e1ra, mert ezek\u00e9rt \u00d6n felel\u0151s. A helytelen, pontatlan vagy hi\u00e1nyos adat akad\u00e1lya lehet a szolg\u00e1ltat\u00e1saink ig\u00e9nybev\u00e9tel\u00e9nek.<\/p>\n<p>Amennyiben \u00d6n nem a saj\u00e1t, hanem m\u00e1s szem\u00e9ly szem\u00e9lyes adatait adja meg, \u00fagy v\u00e9lelmezz\u00fck, hogy \u00d6n az ehhez sz\u00fcks\u00e9ges felhatalmaz\u00e1ssal rendelkezik.<\/p>\n<p>\u00d6n az adatkezel\u00e9shez adott hozz\u00e1j\u00e1rul\u00e1s\u00e1t b\u00e1rmikor ingyenesen visszavonhatja<\/p>\n<ul>\n<li>a regisztr\u00e1ci\u00f3 t\u00f6rl\u00e9s\u00e9vel,<\/li>\n<li>az adatkezel\u00e9shez hozz\u00e1j\u00e1rul\u00e1s visszavon\u00e1s\u00e1val, illetve<\/li>\n<li>a regisztr\u00e1ci\u00f3 sor\u00e1n felt\u00e9tlen kit\u00f6ltend\u0151 b\u00e1rmely adat kezel\u00e9s\u00e9hez vagy felhaszn\u00e1l\u00e1s\u00e1hoz val\u00f3 hozz\u00e1j\u00e1rul\u00e1s visszavon\u00e1s\u00e1val vagy z\u00e1rol\u00e1s\u00e1nak k\u00e9r\u00e9s\u00e9vel.<\/li>\n<\/ul>\n<p>A hozz\u00e1j\u00e1rul\u00e1s visszavon\u00e1s\u00e1nak regisztr\u00e1l\u00e1s\u00e1t \u2013 technikai okokb\u00f3l\u00a0<strong>30 napos<\/strong>\u00a0hat\u00e1rid\u0151vel v\u00e1llaljuk, azonban felh\u00edvjuk a figyelm\u00e9t arra, hogy jogi k\u00f6telezetts\u00e9g\u00fcnk teljes\u00edt\u00e9se vagy jogos \u00e9rdekeink \u00e9rv\u00e9nyes\u00edt\u00e9se c\u00e9lj\u00e1b\u00f3l bizonyos adatokat a hozz\u00e1j\u00e1rul\u00e1s visszavon\u00e1sa ut\u00e1n is kezelhet\u00fcnk.<\/p>\n<p>Megt\u00e9veszt\u0151 szem\u00e9lyes adat haszn\u00e1lata eset\u00e9n, illetve ha valamelyik l\u00e1togat\u00f3ink b\u0171ncselekm\u00e9nyt k\u00f6vet el vagy T\u00e1rsas\u00e1gunk rendszer\u00e9t t\u00e1madja, az adott l\u00e1togat\u00f3 regisztr\u00e1ci\u00f3j\u00e1nak megsz\u00fcntet\u00e9s\u00e9vel egyidej\u0171leg adatait halad\u00e9ktalanul t\u00f6r\u00f6lj\u00fck, illetve \u2013 sz\u00fcks\u00e9g eset\u00e9n \u2013 meg\u0151rizz\u00fck azokat a polg\u00e1ri jogi felel\u0151ss\u00e9g meg\u00e1llap\u00edt\u00e1s\u00e1nak vagy b\u00fcntet\u0151 elj\u00e1r\u00e1s lefolytat\u00e1s\u00e1nak id\u0151tartama alatt.<\/p>\n<p>[\/et_pb_text][\/et_pb_column][\/et_pb_row][\/et_pb_section][et_pb_section fb_built=&#8221;1&#8243; _builder_version=&#8221;3.22&#8243;][et_pb_row _builder_version=&#8221;3.25&#8243; background_size=&#8221;initial&#8221; background_position=&#8221;top_left&#8221; background_repeat=&#8221;repeat&#8221;][et_pb_column type=&#8221;4_4&#8243; _builder_version=&#8221;3.25&#8243; custom_padding=&#8221;|||&#8221; custom_padding__hover=&#8221;|||&#8221;][et_pb_text _builder_version=&#8221;4.9.0&#8243; _module_preset=&#8221;default&#8221;]<\/p>\n<h2>Egy\u00e9b adatkezel\u00e9si k\u00e9rd\u00e9sek<\/h2>\n<p>[\/et_pb_text][et_pb_text _builder_version=&#8221;4.9.0&#8243;]<\/p>\n<p>Az \u00d6n adatait csak jogszab\u00e1lyban meghat\u00e1rozott keretek k\u00f6z\u00f6tt tov\u00e1bb\u00edthatjuk. Adatfeldolgoz\u00f3ink eset\u00e9ben szerz\u0151d\u00e9ses felt\u00e9telek kik\u00f6t\u00e9s\u00e9vel biztos\u00edtjuk, hogy ne haszn\u00e1lhass\u00e1k az \u00d6n hozz\u00e1j\u00e1rul\u00e1s\u00e1val ellent\u00e9tes c\u00e9lokra az \u00d6n szem\u00e9lyes adatait. Tov\u00e1bbi inform\u00e1ci\u00f3 a &#8222;Kik vagyunk?&#8221; pontban tal\u00e1lhat\u00f3.<\/p>\n<p>T\u00e1rsas\u00e1gunk k\u00fclf\u00f6ldre nem tov\u00e1bb\u00edt adatokat.<\/p>\n<p>A b\u00edr\u00f3s\u00e1g, az \u00fcgy\u00e9szs\u00e9g \u00e9s m\u00e1s hat\u00f3s\u00e1gok (pl. rend\u0151rs\u00e9g, ad\u00f3hivatal, Nemzeti Adatv\u00e9delmi \u00e9s Inform\u00e1ci\u00f3szabads\u00e1g Hat\u00f3s\u00e1g) t\u00e1j\u00e9koztat\u00e1s ad\u00e1sa, adatok k\u00f6zl\u00e9se vagy iratok rendelkez\u00e9sre bocs\u00e1t\u00e1sa miatt megkereshetik T\u00e1rsas\u00e1gunkat. Ezekben az esetekben adatszolg\u00e1ltat\u00e1si k\u00f6telezetts\u00e9g\u00fcnket teljes\u00edten\u00fcnk kell, de csak a megkeres\u00e9s c\u00e9lj\u00e1nak megval\u00f3s\u00edt\u00e1s\u00e1hoz elengedhetetlen\u00fcl sz\u00fcks\u00e9ges m\u00e9rt\u00e9kben.<\/p>\n<p>T\u00e1rsas\u00e1gunk adatkezel\u00e9s\u00e9ben \u00e9s\/vagy adatfeldolgoz\u00e1s\u00e1ban r\u00e9szt vev\u0151 k\u00f6zrem\u0171k\u00f6d\u0151i \u00e9s munkav\u00e1llal\u00f3i el\u0151re meghat\u00e1rozott m\u00e9rt\u00e9kben \u2013 titoktart\u00e1si k\u00f6telezetts\u00e9g terhe mellett \u2013 jogosultak az \u00d6n szem\u00e9lyes adatait megismerni.<\/p>\n<p>Az \u00d6n szem\u00e9lyes adatait megfelel\u0151 technikai \u00e9s egy\u00e9b int\u00e9zked\u00e9sekkel v\u00e9dj\u00fck, valamint biztos\u00edtjuk az adatok biztons\u00e1g\u00e1t, rendelkez\u00e9sre \u00e1ll\u00e1s\u00e1t. \u00d3vjuk tov\u00e1bb\u00e1 azokat a jogosulatlan hozz\u00e1f\u00e9r\u00e9st\u0151l, megv\u00e1ltoztat\u00e1st\u00f3l, s\u00e9r\u00fcl\u00e9sekt\u0151l illetve nyilv\u00e1noss\u00e1gra hozatalt\u00f3l \u00e9s b\u00e1rmilyen egy\u00e9b jogosulatlan felhaszn\u00e1l\u00e1st\u00f3l.<\/p>\n<p>Szervezeti int\u00e9zked\u00e9sek keret\u00e9ben \u00e9p\u00fcleteinkben ellen\u0151rizz\u00fck a fizikai hozz\u00e1f\u00e9r\u00e9st. Munkav\u00e1llal\u00f3inkat folyamatosan oktatjuk \u00e9s a pap\u00edr alap\u00fa dokumentumokat megfelel\u0151 v\u00e9delemmel elz\u00e1rva tartjuk. A technikai int\u00e9zked\u00e9sek keret\u00e9ben titkos\u00edt\u00e1st, jelsz\u00f3v\u00e9delmet \u00e9s v\u00edrusirt\u00f3 szoftvereket haszn\u00e1lunk. Felh\u00edvjuk azonban a figyelm\u00e9t arra, hogy az interneten kereszt\u00fcli adattov\u00e1bb\u00edt\u00e1s nem tekinthet\u0151 teljes k\u00f6r\u0171en biztons\u00e1gos adattov\u00e1bb\u00edt\u00e1snak. T\u00e1rsas\u00e1gunk mindent megtesz annak \u00e9rdek\u00e9ben, hogy a folyamatokat min\u00e9l biztons\u00e1gosabb\u00e1 tegy\u00fck, a weblapunkon kereszt\u00fcl t\u00f6rt\u00e9n\u0151 adattov\u00e1bb\u00edt\u00e1s\u00e9rt azonban nem tudunk teljes felel\u0151ss\u00e9get v\u00e1llalni, \u00e1m a T\u00e1rsas\u00e1gunkhoz be\u00e9rkezett adatok tekintet\u00e9ben szigor\u00fa el\u0151\u00edr\u00e1sokat tartunk be az \u00d6n adatainak biztons\u00e1ga \u00e9s a jogellenes hozz\u00e1f\u00e9r\u00e9s megakad\u00e1lyoz\u00e1sa \u00e9rdek\u00e9ben.<\/p>\n<p>A biztons\u00e1gi k\u00e9rd\u00e9sekkel kapcsolatban k\u00e9rj\u00fck az \u00d6n seg\u00edts\u00e9g\u00e9t abban, hogy gondosan \u0151rizze meg honlapunkhoz megl\u00e9v\u0151 hozz\u00e1f\u00e9r\u00e9si jelszav\u00e1t \u00e9s ezt a jelsz\u00f3t senkivel se ossza meg.<\/p>\n<p>[\/et_pb_text][\/et_pb_column][\/et_pb_row][\/et_pb_section][et_pb_section fb_built=&#8221;1&#8243; _builder_version=&#8221;4.9.1&#8243; background_color=&#8221;rgba(160,212,233,0.75)&#8221;][et_pb_row _builder_version=&#8221;3.25&#8243; background_size=&#8221;initial&#8221; background_position=&#8221;top_left&#8221; background_repeat=&#8221;repeat&#8221;][et_pb_column type=&#8221;4_4&#8243; _builder_version=&#8221;3.25&#8243; custom_padding=&#8221;|||&#8221; custom_padding__hover=&#8221;|||&#8221;][et_pb_text _builder_version=&#8221;4.9.0&#8243; _module_preset=&#8221;default&#8221;]<\/p>\n<h2>Melyek az \u00d6n jogai \u00e9s jogorvoslati lehet\u0151s\u00e9gei?<\/h2>\n<p>[\/et_pb_text][et_pb_text _builder_version=&#8221;4.9.0&#8243; _module_preset=&#8221;default&#8221;]<\/p>\n<p>\u00d6n az adatkezel\u00e9sr\u0151l<\/p>\n<ul>\n<li>t\u00e1j\u00e9koztat\u00e1st k\u00e9rhet,<\/li>\n<li>k\u00e9rheti az \u00e1ltalunk kezelt szem\u00e9lyes adataik helyesb\u00edt\u00e9s\u00e9t, m\u00f3dos\u00edt\u00e1s\u00e1t, kieg\u00e9sz\u00edt\u00e9s\u00e9t,<\/li>\n<li>tiltakozhat az adatkezel\u00e9s ellen \u00e9s k\u00e9rheti adatai t\u00f6rl\u00e9s\u00e9t valamint z\u00e1rol\u00e1s\u00e1t (a k\u00f6telez\u0151 adatkezel\u00e9s kiv\u00e9tel\u00e9vel),<\/li>\n<li>b\u00edr\u00f3s\u00e1g el\u0151tt jogorvoslattal \u00e9lhet,<\/li>\n<li>a fel\u00fcgyel\u0151 hat\u00f3s\u00e1gn\u00e1l panaszt tehet, illetve elj\u00e1r\u00e1st kezdem\u00e9nyezhet (<a href=\"https:\/\/naih.hu\/panaszuegyintezes-rendje.html\">https:\/\/naih.hu\/panaszuegyintezes-rendje.html<\/a>).<\/li>\n<\/ul>\n<p>Fel\u00fcgyel\u0151 Hat\u00f3s\u00e1g: Nemzeti Adatv\u00e9delmi \u00e9s Inform\u00e1ci\u00f3szabads\u00e1g Hat\u00f3s\u00e1g<\/p>\n<ul>\n<li>Sz\u00e9khely: 1125 Budapest, Szil\u00e1gyi Erzs\u00e9bet fasor 22\/c.<\/li>\n<li>Levelez\u00e9si c\u00edm: 1530 Budapest, Pf.: 5.<\/li>\n<li>Telefon: +36 (1) 391-1400<\/li>\n<li>Fax: +36 (1) 391-1410<\/li>\n<li>E-mail: ugyfelszolgalat@naih.hu<\/li>\n<\/ul>\n<p>Honlap: https:\/\/naih.hu\/<\/p>\n<p>[\/et_pb_text][et_pb_text _builder_version=&#8221;4.9.0&#8243; _module_preset=&#8221;default&#8221;]<\/p>\n<h3>Az \u00d6n k\u00e9relm\u00e9re t\u00e1j\u00e9koztat\u00e1st adunk<\/h3>\n<p>[\/et_pb_text][et_pb_text _builder_version=&#8221;4.9.0&#8243; _module_preset=&#8221;default&#8221;]<\/p>\n<p>az \u00d6n \u00e1ltalunk kezelt, illetve az \u00e1ltalunk \u2013 vagy a megb\u00edzott adatfeldolgoz\u00f3nk \u00e1ltal \u2013 feldolgozott<\/p>\n<ul>\n<li>adatair\u00f3l,<\/li>\n<li>azok forr\u00e1s\u00e1r\u00f3l,<\/li>\n<li>az adatkezel\u00e9s c\u00e9lj\u00e1r\u00f3l \u00e9s jogalapj\u00e1r\u00f3l,<\/li>\n<li>id\u0151tartam\u00e1r\u00f3l, ha pedig ez nem lehets\u00e9ges, ezen id\u0151tartam meghat\u00e1roz\u00e1s\u00e1nak szempontjair\u00f3l,<\/li>\n<li>az adatfeldolgoz\u00f3ink nev\u00e9r\u0151l, c\u00edm\u00e9r\u0151l \u00e9s az adatkezel\u00e9ssel \u00f6sszef\u00fcgg\u0151 tev\u00e9kenys\u00e9g\u00fckr\u0151l,<\/li>\n<li>adatv\u00e9delmi incidensek k\u00f6r\u00fclm\u00e9nyeir\u0151l, hat\u00e1sair\u00f3l \u00e9s az elh\u00e1r\u00edt\u00e1sukra valamint meg-el\u0151z\u00e9s\u00fckre tett int\u00e9zked\u00e9seinkr\u0151l, tov\u00e1bb\u00e1<\/li>\n<li>az \u00d6n szem\u00e9lyes adatainak tov\u00e1bb\u00edt\u00e1sa eset\u00e9n az adattov\u00e1bb\u00edt\u00e1s jogalapj\u00e1r\u00f3l \u00e9s c\u00edmzettj\u00e9r\u0151l.<\/li>\n<\/ul>\n<p>A k\u00e9relem beny\u00fajt\u00e1s\u00e1t\u00f3l sz\u00e1m\u00edtott 15 napon bel\u00fcl (legfeljebb azonban 1 h\u00f3napon bel\u00fcl) adjuk meg t\u00e1j\u00e9koztat\u00e1sunkat. A t\u00e1j\u00e9koztat\u00e1s ingyenes kiv\u00e9ve akkor, ha \u00d6n a foly\u00f3 \u00e9vben azonos adatk\u00f6rre vonatkoz\u00f3an t\u00e1j\u00e9koztat\u00e1si k\u00e9relmet m\u00e1r ny\u00fajtott be hozz\u00e1nk. Az \u00d6n \u00e1ltal m\u00e1r megfizetett k\u00f6lts\u00e9gt\u00e9r\u00edt\u00e9st visszat\u00e9r\u00edtj\u00fck abban az esetben, ha az adatokat jogellenesen kezelt\u00fck vagy a t\u00e1j\u00e9koztat\u00e1s k\u00e9r\u00e9se helyesb\u00edt\u00e9shez vezetett. A t\u00e1j\u00e9koztat\u00e1st csak t\u00f6rv\u00e9nyben foglalt esetekben tagadhatjuk meg jogszab\u00e1lyi hely megjel\u00f6l\u00e9s\u00e9vel, valamint a b\u00edr\u00f3s\u00e1gi jogorvoslat illetve a Hat\u00f3s\u00e1ghoz fordul\u00e1s lehet\u0151s\u00e9g\u00e9r\u0151l t\u00e1j\u00e9koztat\u00e1ssal.<\/p>\n<p>T\u00e1rsas\u00e1gunk a szem\u00e9lyes adatok helyesb\u00edt\u00e9sr\u0151l, z\u00e1rol\u00e1sr\u00f3l, megjel\u00f6l\u00e9sr\u0151l \u00e9s t\u00f6rl\u00e9sr\u0151l \u00d6nt, tov\u00e1bb\u00e1 mindazokat \u00e9rtes\u00edti, akiknek kor\u00e1bban az adatot adatkezel\u00e9s c\u00e9lj\u00e1ra tov\u00e1bb\u00edtotta, kiv\u00e9ve akkor, ha az \u00e9rtes\u00edt\u00e9s elmarad\u00e1sa az \u00d6n jogos \u00e9rdek\u00e9t nem s\u00e9rti.<\/p>\n<p>Amennyiben az \u00d6n helyesb\u00edt\u00e9s, z\u00e1rol\u00e1s vagy t\u00f6rl\u00e9s ir\u00e1nti k\u00e9relm\u00e9t nem teljes\u00edtj\u00fck, a k\u00e9relem k\u00e9zhezv\u00e9tel\u00e9t k\u00f6vet\u0151 15 napon bel\u00fcl (legfeljebb azonban 1 h\u00f3napon bel\u00fcl) \u00edr\u00e1sban vagy \u2013 az \u00d6n hozz\u00e1j\u00e1rul\u00e1s\u00e1val \u2013 elektronikus \u00faton k\u00f6z\u00f6lj\u00fcnk elutas\u00edt\u00e1sunk indokait \u00e9s t\u00e1j\u00e9koztatjuk \u00d6nt a b\u00edr\u00f3s\u00e1gi jogorvoslat, tov\u00e1bb\u00e1 a Hat\u00f3s\u00e1ghoz fordul\u00e1s lehet\u0151s\u00e9g\u00e9r\u0151l.<\/p>\n<p>[\/et_pb_text][et_pb_text _builder_version=&#8221;4.9.0&#8243; _module_preset=&#8221;default&#8221;]<\/p>\n<h3>Amennyiben \u00d6n tiltakozik<\/h3>\n<p>[\/et_pb_text][et_pb_text _builder_version=&#8221;4.9.0&#8243; _module_preset=&#8221;default&#8221;]<\/p>\n<p>a szem\u00e9lyes adatai kezel\u00e9se ellen, a tiltakoz\u00e1st a k\u00e9relem beny\u00fajt\u00e1s\u00e1t\u00f3l sz\u00e1m\u00edtott 15 napon bel\u00fcl (legfeljebb azonban 1 h\u00f3napon bel\u00fcl) megvizsg\u00e1ljuk \u00e9s a d\u00f6nt\u00e9s\u00fcnkr\u0151l \u00d6nt \u00edr\u00e1sban t\u00e1j\u00e9koztatjuk. Amennyiben \u00fagy d\u00f6nt\u00f6tt\u00fcnk, hogy az \u00d6n tiltakoz\u00e1sa megalapozott, abban az esetben az adatkezel\u00e9st \u2013 bele\u00e9rtve a tov\u00e1bbi adatfelv\u00e9telt \u00e9s adat-tov\u00e1bb\u00edt\u00e1st is \u2013 megsz\u00fcntetj\u00fck, \u00e9s az adatokat z\u00e1roljuk, valamint a tiltakoz\u00e1sr\u00f3l, tov\u00e1bb\u00e1 az annak alapj\u00e1n tett int\u00e9zked\u00e9sekr\u0151l \u00e9rtes\u00edtj\u00fck mindazokat, akik r\u00e9sz\u00e9re a tiltakoz\u00e1ssal \u00e9rintett szem\u00e9lyes adatot kor\u00e1bban tov\u00e1bb\u00edtottuk, \u00e9s akik k\u00f6telesek int\u00e9zkedni a tiltakoz\u00e1si jog \u00e9rv\u00e9nyes\u00edt\u00e9se \u00e9rdek\u00e9ben.<\/p>\n<p>Abban az esetben megtagadjuk a k\u00e9r\u00e9s teljes\u00edt\u00e9s\u00e9t, ha bizony\u00edtjuk, hogy az adatkezel\u00e9st olyan k\u00e9nyszer\u00edt\u0151 erej\u0171 jogos okok indokolj\u00e1k, amelyek els\u0151bbs\u00e9get \u00e9lveznek az \u00d6n \u00e9rdekeivel, jogaival \u00e9s szabads\u00e1gaival szemben, vagy amelyek jogi ig\u00e9nyek el\u0151terjeszt\u00e9s\u00e9hez, \u00e9rv\u00e9nyes\u00edt\u00e9s\u00e9hez vagy v\u00e9delm\u00e9hez kapcsol\u00f3dnak. Amennyiben \u00d6n a d\u00f6nt\u00e9s\u00fcnkkel nem \u00e9rt egyet, illetve ha elmulasztjuk a hat\u00e1rid\u0151t, a d\u00f6nt\u00e9s k\u00f6zl\u00e9s\u00e9t\u0151l, illetve a hat\u00e1rid\u0151 utols\u00f3 napj\u00e1t\u00f3l sz\u00e1m\u00edtott 30 napon bel\u00fcl \u00d6n b\u00edr\u00f3s\u00e1ghoz fordulhat.<\/p>\n<p>Az adatv\u00e9delmi perek elb\u00edr\u00e1l\u00e1sa a t\u00f6rv\u00e9nysz\u00e9k hat\u00e1sk\u00f6r\u00e9be tartozik. A per \u2013 az \u00e9rintett v\u00e1laszt\u00e1sa szerint \u2013 az \u00e9rintett lakhelye vagy tart\u00f3zkod\u00e1si helye szerinti t\u00f6rv\u00e9nysz\u00e9k el\u0151tt is megind\u00edthat\u00f3. K\u00fclf\u00f6ldi \u00e1llampolg\u00e1r a lak\u00f3helye szerint illet\u00e9kes fel\u00fcgyeleti hat\u00f3s\u00e1ghoz is fordulhat panasszal.<\/p>\n<p>[\/et_pb_text][et_pb_text _builder_version=&#8221;4.9.0&#8243; _module_preset=&#8221;default&#8221; text_orientation=&#8221;center&#8221;]<\/p>\n<p><strong>K\u00e9rj\u00fck \u00d6nt, hogy miel\u0151tt a fel\u00fcgyeleti hat\u00f3s\u00e1ghoz vagy b\u00edr\u00f3s\u00e1ghoz fordulna panasz\u00e1val \u2013 egyeztet\u00e9s \u00e9s a felmer\u00fclt probl\u00e9ma min\u00e9l gyorsabb megold\u00e1sa \u00e9rdek\u00e9ben \u2013 keresse meg T\u00e1rsas\u00e1gunkat!<\/strong><\/p>\n<p>[\/et_pb_text][\/et_pb_column][\/et_pb_row][\/et_pb_section][et_pb_section fb_built=&#8221;1&#8243; _builder_version=&#8221;3.22&#8243;][et_pb_row _builder_version=&#8221;3.25&#8243; background_size=&#8221;initial&#8221; background_position=&#8221;top_left&#8221; background_repeat=&#8221;repeat&#8221;][et_pb_column type=&#8221;4_4&#8243; _builder_version=&#8221;3.25&#8243; custom_padding=&#8221;|||&#8221; custom_padding__hover=&#8221;|||&#8221;][et_pb_text _builder_version=&#8221;4.9.0&#8243; _module_preset=&#8221;default&#8221;]<\/p>\n<h2>Melyek a f\u0151bb ir\u00e1nyad\u00f3 jogszab\u00e1lyok tev\u00e9kenys\u00e9g\u00fcnkre?<\/h2>\n<p>[\/et_pb_text][et_pb_text _builder_version=&#8221;4.9.0&#8243;]<\/p>\n<ul>\n<li>a term\u00e9szetes szem\u00e9lyeknek a szem\u00e9lyes adatok kezel\u00e9s\u00e9r\u0151l sz\u00f3l\u00f3 az Eur\u00f3pai Parlament \u00e9s a Tan\u00e1cs (EU) 2016\/679 rendelete (GDPR)<\/li>\n<li>az inform\u00e1ci\u00f3s \u00f6nrendelkez\u00e9si jogr\u00f3l \u00e9s az inform\u00e1ci\u00f3szabads\u00e1gr\u00f3l sz\u00f3l\u00f3 2011. \u00e9vi CXII. t\u00f6rv\u00e9ny \u2013 (Info tv.)<\/li>\n<li>a Polg\u00e1ri T\u00f6rv\u00e9nyk\u00f6nyvr\u0151l sz\u00f3l\u00f3 2013. \u00e9vi V. t\u00f6rv\u00e9ny (Ptk.)<\/li>\n<li>az elektronikus kereskedelmi szolg\u00e1ltat\u00e1sok, valamint az inform\u00e1ci\u00f3s t\u00e1rsadalommal \u00f6sszef\u00fcgg\u0151 szolg\u00e1ltat\u00e1sok egyes k\u00e9rd\u00e9seir\u0151l sz\u00f3l\u00f3 2001. \u00e9vi CVIII. t\u00f6rv\u00e9ny \u2013 (Eker tv.)<\/li>\n<li>az elektronikus h\u00edrk\u00f6zl\u00e9sr\u0151l sz\u00f3l\u00f3 2003. \u00e9vi C. t\u00f6rv\u00e9ny \u2013 (Ehtv)<\/li>\n<li>a fogyaszt\u00f3v\u00e9delemr\u0151l sz\u00f3l\u00f3 1997. \u00e9vi CLV. t\u00f6rv\u00e9ny (Fogyv tv.)<\/li>\n<li>a panaszokr\u00f3l \u00e9s a k\u00f6z\u00e9rdek\u0171 bejelent\u00e9sekr\u0151l sz\u00f3l\u00f3 2013. \u00e9vi CLXV. t\u00f6rv\u00e9ny. (Pktv.)<\/li>\n<\/ul>\n<p>a gazdas\u00e1gi rekl\u00e1mtev\u00e9kenys\u00e9g alapvet\u0151 felt\u00e9teleir\u0151l \u00e9s egyes korl\u00e1tair\u00f3l sz\u00f3l\u00f3 2008. \u00e9vi XLVIII. t\u00f6rv\u00e9ny (Grtv.)<\/p>\n<p>[\/et_pb_text][\/et_pb_column][\/et_pb_row][\/et_pb_section][et_pb_section fb_built=&#8221;1&#8243; _builder_version=&#8221;3.22&#8243;][et_pb_row _builder_version=&#8221;3.25&#8243; background_size=&#8221;initial&#8221; background_position=&#8221;top_left&#8221; background_repeat=&#8221;repeat&#8221;][et_pb_column type=&#8221;4_4&#8243; _builder_version=&#8221;3.25&#8243; custom_padding=&#8221;|||&#8221; custom_padding__hover=&#8221;|||&#8221;][et_pb_text _builder_version=&#8221;4.9.0&#8243; _module_preset=&#8221;default&#8221;]<\/p>\n<h2>Adatkezel\u00e9si t\u00e1j\u00e9koztat\u00f3 m\u00f3dos\u00edt\u00e1sa<\/h2>\n<p>[\/et_pb_text][et_pb_text _builder_version=&#8221;4.9.4&#8243; link_font=&#8221;|600|||||||&#8221; hover_enabled=&#8221;0&#8243; sticky_enabled=&#8221;0&#8243;]<\/p>\n<p>T\u00e1rsas\u00e1gunk fenntartja mag\u00e1nak a jogot jelen adatv\u00e9delmi \u00e9s s\u00fcti t\u00e1j\u00e9koztat\u00f3 m\u00f3dos\u00edt\u00e1s\u00e1ra, amelyr\u0151l az \u00e9rintetteket megfelel\u0151 m\u00f3don t\u00e1j\u00e9koztatja. Az adatkezel\u00e9ssel kapcsolatos inform\u00e1ci\u00f3k k\u00f6zz\u00e9t\u00e9tele a:<\/p>\n<p><a href=\"https:\/\/hacklima.hu\/de\/\">hacklima.hu<\/a><\/p>\n<p>weboldalon t\u00f6rt\u00e9nik.<\/p>\n<p>Az adatv\u00e9delmi \u00e9s s\u00fcti t\u00e1j\u00e9koztat\u00f3 legut\u00f3bbi m\u00f3dos\u00edt\u00e1sa: 2021. 03. 10.<\/p>\n<p>[\/et_pb_text][\/et_pb_column][\/et_pb_row][\/et_pb_section]<\/p>","protected":false},"excerpt":{"rendered":"<p>Adatv\u00e9delmi \u00e9s s\u00fcti t\u00e1j\u00e9koztat\u00f3amelyben t\u00e1j\u00e9koztatjuk \u00d6nt, mint honlapunk l\u00e1togat\u00f3j\u00e1t valamint szolg\u00e1ltat\u00e1saink ig\u00e9nybe vev\u0151j\u00e9t t\u00e1rsas\u00e1gunk adatkezel\u00e9si, adatv\u00e9delmi \u00e9s s\u00fcti szab\u00e1lyair\u00f3l.Az oldal SPAM v\u00e9delm\u00e9r\u0151l a Google reCAPTCHA v3 gondoskodik. A Google adatv\u00e9delmi ir\u00e1nyelvei and szolg\u00e1ltat\u00e1si felt\u00e9telei \u00e9rv\u00e9nyesek. This site is protected by reCAPTCHA and the Google Privacy Policy and Terms of Service apply.Kik vagyunk?<div class=\"et_pb_module dvmd_table_maker dvmd_table_maker_0 dvmd_tm_version_3_1_1\">\n\t\t\t\t\n\t\t\t\t\n\t\t\t\t\n\t\t\t\t\n\t\t\t\t\n\t\t\t\t\n\t\t\t\t<div class=\"et_pb_module_inner\">\n\t\t\t\t\t<div\n                    role=\"table\"\n                    class=\"dvmd_tm_table dvmd_preload dvmd_tm_max_width_767 dvmd_tm_breakby_row dvmd_tm_blocks\"\n                    \n                    \n                    aria-rowcount=\"1\"\n                    aria-colcount=\"2\">\n                        <div class=\"dvmd_tm_tblock dvmd_tm_tblock_0 dvmd_tm_rblock\" role=\"rowgroup\">\n                        <div class=\"dvmd_tm_trow dvmd_tm_trow_0\" role=\"row\" aria-rowindex=\"1\"><div aria-colindex=\"1\" aria-rowindex=\"1\" role=\"cell\" class=\"dvmd_table_maker_item_0 dvmd_tm_tcell dvmd_tm_tdata dvmd_tm_col_0 dvmd_tm_row_0 dvmd_tm_col_first dvmd_tm_row_first dvmd_tm_col_odd dvmd_tm_row_odd\"><div class=\"dvmd_tm_cdata\">A T&aacute;rsas&aacute;gunk neve A t&aacute;rsas&aacute;gunk sz&eacute;khelye A T&aacute;rsas&aacute;gunk honlapja Postac&iacute;m&uuml;nk Telefonsz&aacute;munk E-mail c&iacute;m&uuml;nk Ad&oacute;sz&aacute;munk C&eacute;gjegyz&eacute;ksz&aacute;munk<\/div><\/div>\n<div aria-colindex=\"2\" aria-rowindex=\"1\" role=\"cell\" class=\"dvmd_table_maker_item_1 dvmd_tm_tcell dvmd_tm_tdata dvmd_tm_col_1 dvmd_tm_row_0 dvmd_tm_col_last dvmd_tm_row_first dvmd_tm_col_even dvmd_tm_row_odd\"><div class=\"dvmd_tm_cdata\">HAC Eur&oacute;pa Korl&aacute;tolt Felel&#337;ss&eacute;g&#369; T&aacute;rsas&aacute;g 6500 Baja, Keszeg utca 7. A. &eacute;p. hacklima.hu 6500 Baja, Keszeg utca 7. A. &eacute;p. +36 70\/450-2545 soosgabor6500@gmail.com 27078949-2-03 03-09-133061<\/div><\/div>\n<\/div>\n                    <\/div>\n                <\/div>\n\t\t\t\t<\/div>\n\t\t\t<\/div>T\u00e1rsas\u00e1gunk a GDPR 37. cikke alapj\u00e1n nem k\u00f6teles adatv\u00e9delmi tisztvisel\u0151 kinevez\u00e9s\u00e9re. T\u00e1rsas\u00e1gunk t\u00e1rhely szolg\u00e1ltat\u00f3ja:<div class=\"et_pb_module dvmd_table_maker dvmd_table_maker_1 dvmd_tm_version_3_1_1\">\n\t\t\t\t\n\t\t\t\t\n\t\t\t\t\n\t\t\t\t\n\t\t\t\t\n\t\t\t\t\n\t\t\t\t<div class=\"et_pb_module_inner\">\n\t\t\t\t\t<div\n                    role=\"table\"\n                    class=\"dvmd_tm_table dvmd_preload dvmd_tm_max_width_767 dvmd_tm_breakby_row dvmd_tm_blocks\"\n                    \n                    \n                    aria-rowcount=\"1\"\n                    aria-colcount=\"2\">\n                        <div class=\"dvmd_tm_tblock dvmd_tm_tblock_0 dvmd_tm_rblock\" role=\"rowgroup\">\n                        <div class=\"dvmd_tm_trow dvmd_tm_trow_0\" role=\"row\" aria-rowindex=\"1\"><div aria-colindex=\"1\" aria-rowindex=\"1\" role=\"cell\" class=\"dvmd_table_maker_item_2 dvmd_tm_tcell dvmd_tm_tdata dvmd_tm_col_0 dvmd_tm_row_0 dvmd_tm_col_first dvmd_tm_row_first dvmd_tm_col_odd dvmd_tm_row_odd\"><div class=\"dvmd_tm_cdata\">T&aacute;rhelyszolg&aacute;ltat&oacute; neve T&aacute;rhelyszolg&aacute;ltat&oacute; sz&eacute;khelye T&aacute;rhelyszolg&aacute;ltat&oacute; honlapja T&aacute;rhelyszolg&aacute;ltat&oacute; email c&iacute;me<\/div><\/div>\n<div aria-colindex=\"2\" aria-rowindex=\"1\" role=\"cell\" class=\"dvmd_table_maker_item_3 dvmd_tm_tcell dvmd_tm_tdata dvmd_tm_col_1 dvmd_tm_row_0 dvmd_tm_col_last dvmd_tm_row_first dvmd_tm_col_even dvmd_tm_row_odd\"><div class=\"dvmd_tm_cdata\">HostingBazis Bt. 4642 Tornyosp&aacute;lca, M&aacute;ndoki utca 40. https:\/\/hostingbazis.hu\/ info@hostingbazis.hu<\/div><\/div>\n<\/div>\n                    <\/div>\n                <\/div>\n\t\t\t\t<\/div>\n\t\t\t<\/div>T\u00e1rsas\u00e1gunk az adatok kezel\u00e9se sor\u00e1n \u2013 \u00fcgyfeleink sz\u00ednvonalas kiszolg\u00e1l\u00e1sa \u00e9rdek\u00e9ben \u2013 az al\u00e1bbi adatfeldolgoz\u00f3kat veszi ig\u00e9nybe:<div class=\"et_pb_module dvmd_table_maker dvmd_table_maker_2 dvmd_tm_version_3_1_1\">\n\t\t\t\t\n\t\t\t\t\n\t\t\t\t\n\t\t\t\t\n\t\t\t\t\n\t\t\t\t\n\t\t\t\t<div class=\"et_pb_module_inner\">\n\t\t\t\t\t<div\n                    role=\"table\"\n                    class=\"dvmd_tm_table dvmd_preload dvmd_tm_max_width_980 dvmd_tm_breakby_row dvmd_tm_blocks\"\n                    \n                    \n                    aria-rowcount=\"1\"\n                    aria-colcount=\"3\">\n                        <div class=\"dvmd_tm_tblock dvmd_tm_tblock_0 dvmd_tm_rblock\" role=\"rowgroup\">\n                        <div class=\"dvmd_tm_trow dvmd_tm_trow_0\" role=\"row\" aria-rowindex=\"1\"><div aria-colindex=\"1\" aria-rowindex=\"1\" role=\"cell\" class=\"dvmd_table_maker_item_4 dvmd_tm_tcell dvmd_tm_tdata dvmd_tm_col_0 dvmd_tm_row_0 dvmd_tm_col_first dvmd_tm_row_first dvmd_tm_col_odd dvmd_tm_row_odd\"><div class=\"dvmd_tm_cdata\">N&eacute;v HAC Eur&oacute;pa Kft.<\/div><\/div>\n<div aria-colindex=\"2\" aria-rowindex=\"1\" role=\"cell\" class=\"dvmd_table_maker_item_5 dvmd_tm_tcell dvmd_tm_tdata dvmd_tm_col_1 dvmd_tm_row_0 dvmd_tm_row_first dvmd_tm_col_even dvmd_tm_row_odd\"><div class=\"dvmd_tm_cdata\">C&iacute;m 6500 Baja, Keszeg utca 7. A. &eacute;p.<\/div><\/div>\n<div aria-colindex=\"3\" aria-rowindex=\"1\" role=\"cell\" class=\"dvmd_table_maker_item_6 dvmd_tm_tcell dvmd_tm_tdata dvmd_tm_col_2 dvmd_tm_row_0 dvmd_tm_col_last dvmd_tm_row_first dvmd_tm_col_odd dvmd_tm_row_odd\"><div class=\"dvmd_tm_cdata\">Tev&eacute;kenys&eacute;g Klimatiz&aacute;ci&oacute;, Szell&#337;ztet&#337; rendszer ki&eacute;p&iacute;t&eacute;s, H&uuml;t&#337;kamra be&eacute;p&iacute;t&eacute;s<\/div><\/div>\n<\/div>\n                    <\/div>\n                <\/div>\n\t\t\t\t<\/div>\n\t\t\t<\/div>Az \u00e1ltalunk kezelt adatok:Tev\u00e9kenys\u00e9g megnevez\u00e9se \u00e9s az adatkezel\u00e9s c\u00e9lja<div class=\"et_pb_module dvmd_table_maker dvmd_table_maker_3 dvmd_tm_version_3_1_1\">\n\t\t\t\t\n\t\t\t\t\n\t\t\t\t\n\t\t\t\t\n\t\t\t\t\n\t\t\t\t\n\t\t\t\t<div class=\"et_pb_module_inner\">\n\t\t\t\t\t\n\t\t\t\t<\/div>\n\t\t\t<\/div><\/p>","protected":false},"author":2,"featured_media":0,"parent":0,"menu_order":0,"comment_status":"closed","ping_status":"open","template":"","meta":{"_et_pb_use_builder":"on","_et_pb_old_content":"<!-- wp:heading --><h2>Kik vagyunk<\/h2><!-- \/wp:heading --><!-- wp:paragraph --><p>A weboldalunk c\u00edme: http:\/\/hacklima.hu.<\/p><!-- \/wp:paragraph --><!-- wp:heading --><h2>Melyek azok a szem\u00e9lyes adatok, amiket gy\u0171jt\u00fcnk \u00e9s milyen c\u00e9llal gy\u0171jtj\u00fck ezeket<\/h2><!-- \/wp:heading --><!-- wp:heading {\"level\":3} --><h3>Hozz\u00e1sz\u00f3l\u00e1sok<\/h3><!-- \/wp:heading --><!-- wp:paragraph --><p>Hozz\u00e1sz\u00f3l\u00e1s bek\u00fcld\u00e9sekor a hozz\u00e1sz\u00f3l\u00e1si \u0171rlapban megadottakon k\u00edv\u00fcl begy\u0171jt\u00e9sre ker\u00fcl a hozz\u00e1sz\u00f3l\u00f3 IP c\u00edme \u00e9s a b\u00f6ng\u00e9sz\u0151azonos\u00edt\u00f3 karakterl\u00e1nc a k\u00e9retlen tartalmak kisz\u0171r\u00e9se c\u00e9lj\u00e1b\u00f3l.<\/p><!-- \/wp:paragraph --><!-- wp:paragraph --><p>Egy szem\u00e9lytelen\u00edtett, az e-mail c\u00edmb\u0151l el\u0151\u00e1ll\u00edtott karakterl\u00e1nc (hashnek szok\u00e1s nevezni) ker\u00fcl tov\u00e1bb\u00edt\u00e1sra a Gravatar szolg\u00e1ltat\u00e1s fel\u00e9, ha ez az oldalon haszn\u00e1latban van. A Gravatar szolg\u00e1ltat\u00e1s felt\u00e9telei az al\u00e1bbi c\u00edmen tekinthet\u0151ek meg: https:\/\/automattic.com\/privacy\/. A hozz\u00e1sz\u00f3l\u00e1s elfogad\u00e1sa ut\u00e1n, a hozz\u00e1sz\u00f3l\u00e1sunk tartalma \u00e9s a profil k\u00e9p\u00fcnk is megjelenik nyilv\u00e1nosan.<\/p><!-- \/wp:paragraph --><!-- wp:heading {\"level\":3} --><h3>M\u00e9dia<\/h3><!-- \/wp:heading --><!-- wp:paragraph --><p>Amennyiben regisztr\u00e1lt felhaszn\u00e1l\u00f3 \u00e1ltal ker\u00fcl k\u00e9p felt\u00f6lt\u00e9sre a honlapra, ker\u00fclni kell az az olyan EXIF-eket, amelyekben GPS poz\u00edci\u00f3 adatok is szerepelnek. A honlap l\u00e1togat\u00f3i ezeket let\u00f6lthetik \u00e9s kinyerhetik a helyadatokat a honlapon tal\u00e1lhat\u00f3 k\u00e9pekb\u0151l.<\/p><!-- \/wp:paragraph --><!-- wp:heading {\"level\":3} --><h3>Kapcsolatfelv\u00e9teli \u0171rlapok<\/h3><!-- \/wp:heading --><!-- wp:heading {\"level\":3} --><h3>S\u00fctik<\/h3><!-- \/wp:heading --><!-- wp:paragraph --><p>Ha hozz\u00e1sz\u00f3l\u00e1st \u00edrunk a honlapon, a megadott nevet, e-mail \u00e9s honlap c\u00edmet s\u00fctikben elt\u00e1roljuk. A t\u00e1rol\u00e1s a k\u00e9nyelmi c\u00e9lokat szolg\u00e1l az\u00e9rt, \u00edgy a k\u00f6vetkez\u0151 hozz\u00e1sz\u00f3l\u00e1skor ezeket a mez\u0151 adatokat nem kell kit\u00f6lteni. A s\u00fctik lej\u00e1rati ideje egy \u00e9v.<\/p><!-- \/wp:paragraph --><!-- wp:paragraph --><p>Ha ell\u00e1togatunk a bejelentkez\u00e9si oldalra, akkor \u00e1tmeneti s\u00fctiket \u00e1ll\u00edtunk be annak \u00e9rdek\u00e9ben, hogy meg\u00e1llap\u00edtsuk, hogy a b\u00f6ng\u00e9sz\u0151 elfogadja-e a s\u00fctiket. Ezek a s\u00fctik nem tartalmaznak szem\u00e9lyes inform\u00e1ci\u00f3t, \u00e9s t\u00f6rl\u0151dnek, ahogy bez\u00e1rjuk a b\u00f6ng\u00e9sz\u0151t.<\/p><!-- \/wp:paragraph --><!-- wp:paragraph --><p>A honlapra t\u00f6rt\u00e9n\u0151 bejelentkez\u00e9skor t\u00f6bb s\u00fctit hozunk l\u00e9tre, amely elmenti a bejelentkez\u00e9si inform\u00e1ci\u00f3t \u00e9s a szerkeszt\u0151fel\u00fclet megjelen\u00edt\u00e9si opci\u00f3it. A bejelentkez\u00e9si s\u00fctik k\u00e9t napig \u00e9rv\u00e9nyesek, a szerkeszt\u0151fel\u00fclet megjelen\u00edt\u00e9si opci\u00f3it t\u00e1rol\u00f3 s\u00fcti egy \u00e9vig. Amennyiben az  &quot;Eml\u00e9kezz r\u00e1m&quot; opci\u00f3t bejel\u00f6lj\u00fck, a bejelentkez\u00e9s k\u00e9t h\u00e9tig folytat\u00f3dik. Kijelentkez\u00e9skor a bejelentkez\u00e9si s\u00fctik elt\u00e1vol\u00edt\u00e1sra ker\u00fclnek.<\/p><!-- \/wp:paragraph --><!-- wp:paragraph --><p>Amennyiben bejegyz\u00e9st vagy oldalt szerkeszt\u00fcnk, egy \u00fajabb s\u00fctit t\u00e1rol el a b\u00f6ng\u00e9sz\u0151nk. Ez a s\u00fcti nem tartalmaz szem\u00e9lyes adatot, egyszer\u0171en csak a bejegyz\u00e9s azonos\u00edt\u00f3 sz\u00e1m\u00e1t t\u00e1rolja, amelyet szerkesztett\u00fcnk. Egy nap m\u00falva j\u00e1r le az \u00e9rv\u00e9nyess\u00e9ge.<\/p><!-- \/wp:paragraph --><!-- wp:heading {\"level\":3} --><h3>M\u00e1s honlapokr\u00f3l sz\u00e1rmaz\u00f3 be\u00e1gyazott tartalmak<\/h3><!-- \/wp:heading --><!-- wp:paragraph --><p>A honlapon el\u00e9rhet\u0151 bejegyz\u00e9sek k\u00fcls\u0151 forr\u00e1sb\u00f3l sz\u00e1rmaz\u00f3 be\u00e1gyazott tartalmakat (pl. vide\u00f3k, k\u00e9pek, cikkek stb.) haszn\u00e1lhatnak. A k\u00fcls\u0151 forr\u00e1sb\u00f3l sz\u00e1rmaz\u00f3 be\u00e1gyazott tartalmak pontosan \u00fagy viselkednek, mintha megl\u00e1togattunk volna egy m\u00e1sik honlapot.<\/p><!-- \/wp:paragraph --><!-- wp:paragraph --><p>Ezek a webhelyek lehets\u00e9ges, hogy adatot gy\u0171jtenek a l\u00e1togat\u00f3kr\u00f3l, s\u00fctiket vagy harmadik f\u00e9lt\u0151l sz\u00e1rmaz\u00f3 k\u00f6vet\u0151k\u00f3dot haszn\u00e1lnak, figyelik a be\u00e1gyazott tartalommal kapcsolatos felhaszn\u00e1l\u00f3i viselked\u00e9st, ha rendelkez\u00fcnk felhaszn\u00e1l\u00f3i fi\u00f3kkal \u00e9s be vagyunk jelentkezve az oldalra.<\/p><!-- \/wp:paragraph --><!-- wp:heading {\"level\":3} --><h3>Analitika<\/h3><!-- \/wp:heading --><!-- wp:heading --><h2>Kivel osztjuk meg a felhaszn\u00e1l\u00f3i adatokat<\/h2><!-- \/wp:heading --><!-- wp:paragraph --><p>Ha jelsz\u00f3-vissza\u00e1ll\u00edt\u00e1st k\u00e9r, akkor az IP-c\u00edmet a vissza\u00e1ll\u00edt\u00f3 e-mail tartalmazza.<\/p><!-- \/wp:paragraph --><!-- wp:heading --><h2>Mennyi ideig \u0151rizz\u00fck a szem\u00e9lyes adatot<\/h2><!-- \/wp:heading --><!-- wp:paragraph --><p>Ha hozz\u00e1sz\u00f3lunk, a hozz\u00e1sz\u00f3l\u00e1s \u00e9s annak metaadatai nem meghat\u00e1rozhat\u00f3 ideig a rendszerben maradnak. Ennek c\u00e9lja, hogy az \u00f6sszes ezt k\u00f6vet\u0151 b\u00e1rmely hozz\u00e1sz\u00f3l\u00e1s \u00e1ltalunk megismertt\u00e9 \u00e9s j\u00f3v\u00e1hagyott\u00e1 v\u00e1ljon, azaz ne ker\u00fclj\u00f6n fel a moder\u00e1land\u00f3 hozz\u00e1sz\u00f3l\u00e1sok list\u00e1j\u00e1ra.<\/p><!-- \/wp:paragraph --><!-- wp:paragraph --><p>A honlapon regisztr\u00e1lt felhaszn\u00e1l\u00f3k (ha vannak ilyenek) szem\u00e9lyes adatai a saj\u00e1t felhaszn\u00e1l\u00f3i profiljukban is t\u00e1rol\u00e1sra ker\u00fclnek. Minden felhaszn\u00e1l\u00f3 megtekintheti, szerkesztheti vagy t\u00f6r\u00f6lheti a szem\u00e9lyes adatait b\u00e1rmikor (kiv\u00e9ve, hogy nem v\u00e1ltoztathatja meg a saj\u00e1t felhaszn\u00e1l\u00f3i nev\u00e9t). A honlap rendszergazd\u00e1i ezen inform\u00e1ci\u00f3kat szint\u00e9n megtekinthetik \u00e9s szerkeszthetik.<\/p><!-- \/wp:paragraph --><!-- wp:heading --><h2>Milyen jogokkal rendelkezik a felhaszn\u00e1l\u00f3 a saj\u00e1t adatai kapcs\u00e1n<\/h2><!-- \/wp:heading --><!-- wp:paragraph --><p>A weboldalon regisztr\u00e1lt fi\u00f3k vagy hozz\u00e1sz\u00f3l\u00e1s \u00edr\u00e1sa eset\u00e9n k\u00e9rhet\u0151 a szem\u00e9lyes adatok export f\u00e1jlban t\u00f6rt\u00e9n\u0151 megk\u00fcld\u00e9se, amely b\u00e1rmilyen adatot tartalmaz, amit kor\u00e1bban a felhaszn\u00e1l\u00f3 rendelkez\u00e9s\u00fcnkre bocs\u00e1tott. K\u00e9rhet\u0151 tov\u00e1bb\u00e1, hogy b\u00e1rmilyen kor\u00e1bban megadott szem\u00e9lyes adatot t\u00f6r\u00f6lj\u00fck. Ez nem vonatkozik azokra az adatokra, amelyeket adminisztr\u00e1ci\u00f3s, jogi vagy biztons\u00e1gi okokb\u00f3l k\u00f6telez\u0151 meg\u0151rizn\u00fcnk.<\/p><!-- \/wp:paragraph --><!-- wp:heading --><h2>Hov\u00e1 tov\u00e1bb\u00edtjuk az adatokat<\/h2><!-- \/wp:heading --><!-- wp:paragraph --><p>A l\u00e1togat\u00f3k \u00e1ltal bek\u00fcld\u00f6tt hozz\u00e1sz\u00f3l\u00e1sokat automatikus spamsz\u0171r\u0151 szolg\u00e1ltat\u00e1s ellen\u0151rizheti.<\/p><!-- \/wp:paragraph --><!-- wp:heading --><h2>Kapcsolati adatok<\/h2><!-- \/wp:heading --><!-- wp:heading --><h2>Tov\u00e1bbi inform\u00e1ci\u00f3k<\/h2><!-- \/wp:heading --><!-- wp:heading {\"level\":3} --><h3>Hogyan v\u00e9dj\u00fck a felhaszn\u00e1l\u00f3i szem\u00e9lyes adatokat<\/h3><!-- \/wp:heading --><!-- wp:heading {\"level\":3} --><h3>\u00c9rv\u00e9nyben l\u00e9v\u0151 elj\u00e1r\u00e1sok adatkezel\u00e9si s\u00e9relmek eset\u00e9n<\/h3><!-- \/wp:heading --><!-- wp:heading {\"level\":3} --><h3>Milyen harmadik f\u00e9lt\u0151l sz\u00e1rmaz\u00f3 adatokat kapunk<\/h3><!-- \/wp:heading --><!-- wp:heading {\"level\":3} --><h3>Milyen automatiz\u00e1lt d\u00f6nt\u00e9shozatalt \u00e9s\/vagy profilalkot\u00e1st v\u00e9gz\u00fcnk a felhaszn\u00e1l\u00f3i adatokkal<\/h3><!-- \/wp:heading --><!-- wp:heading {\"level\":3} --><h3>Szab\u00e1lyozott ipar\u00e1g k\u00f6zz\u00e9t\u00e9teli k\u00f6vetelm\u00e9nyei<\/h3><!-- \/wp:heading -->","_et_gb_content_width":"","footnotes":""},"class_list":["post-3","page","type-page","status-publish","hentry"],"yoast_head":"<!-- This site is optimized with the Yoast SEO plugin v24.6 - https:\/\/yoast.com\/wordpress\/plugins\/seo\/ -->\n<title>Adatv\u00e9delmi ir\u00e1nyelvek - HAC Kl\u00edma<\/title>\n<meta name=\"robots\" content=\"index, follow, max-snippet:-1, max-image-preview:large, max-video-preview:-1\" \/>\n<link rel=\"canonical\" href=\"https:\/\/hacklima.hu\/de\/adatkezelesi-tajekoztato\/\" \/>\n<meta property=\"og:locale\" content=\"de_DE\" \/>\n<meta property=\"og:type\" content=\"article\" \/>\n<meta property=\"og:title\" content=\"Adatv\u00e9delmi ir\u00e1nyelvek - HAC Kl\u00edma\" \/>\n<meta property=\"og:description\" content=\"Adatv\u00e9delmi \u00e9s s\u00fcti t\u00e1j\u00e9koztat\u00f3amelyben t\u00e1j\u00e9koztatjuk \u00d6nt, mint honlapunk l\u00e1togat\u00f3j\u00e1t valamint szolg\u00e1ltat\u00e1saink ig\u00e9nybe vev\u0151j\u00e9t t\u00e1rsas\u00e1gunk adatkezel\u00e9si, adatv\u00e9delmi \u00e9s s\u00fcti szab\u00e1lyair\u00f3l.Az oldal SPAM v\u00e9delm\u00e9r\u0151l a Google reCAPTCHA v3 gondoskodik. A Google adatv\u00e9delmi ir\u00e1nyelvei and szolg\u00e1ltat\u00e1si felt\u00e9telei \u00e9rv\u00e9nyesek. This site is protected by reCAPTCHA and the Google Privacy Policy and Terms of Service apply.Kik vagyunk?T\u00e1rsas\u00e1gunk a GDPR 37. cikke alapj\u00e1n nem k\u00f6teles adatv\u00e9delmi tisztvisel\u0151 kinevez\u00e9s\u00e9re. T\u00e1rsas\u00e1gunk t\u00e1rhely szolg\u00e1ltat\u00f3ja:T\u00e1rsas\u00e1gunk az adatok kezel\u00e9se sor\u00e1n \u2013 \u00fcgyfeleink sz\u00ednvonalas kiszolg\u00e1l\u00e1sa \u00e9rdek\u00e9ben \u2013 az al\u00e1bbi adatfeldolgoz\u00f3kat veszi ig\u00e9nybe:Az \u00e1ltalunk kezelt adatok:Tev\u00e9kenys\u00e9g megnevez\u00e9se \u00e9s az adatkezel\u00e9s c\u00e9lja\" \/>\n<meta property=\"og:url\" content=\"https:\/\/hacklima.hu\/de\/adatkezelesi-tajekoztato\/\" \/>\n<meta property=\"og:site_name\" content=\"HAC Kl\u00edma\" \/>\n<meta property=\"article:modified_time\" content=\"2021-05-09T19:10:16+00:00\" \/>\n<meta name=\"twitter:card\" content=\"summary_large_image\" \/>\n<meta name=\"twitter:label1\" content=\"Gesch\u00e4tzte Lesezeit\" \/>\n\t<meta name=\"twitter:data1\" content=\"25\u00a0Minuten\" \/>\n<script type=\"application\/ld+json\" class=\"yoast-schema-graph\">{\"@context\":\"https:\/\/schema.org\",\"@graph\":[{\"@type\":\"WebPage\",\"@id\":\"https:\/\/hacklima.hu\/adatkezelesi-tajekoztato\/\",\"url\":\"https:\/\/hacklima.hu\/adatkezelesi-tajekoztato\/\",\"name\":\"Adatv\u00e9delmi ir\u00e1nyelvek - HAC Kl\u00edma\",\"isPartOf\":{\"@id\":\"https:\/\/hacklima.hu\/#website\"},\"datePublished\":\"2021-02-12T18:26:26+00:00\",\"dateModified\":\"2021-05-09T19:10:16+00:00\",\"breadcrumb\":{\"@id\":\"https:\/\/hacklima.hu\/adatkezelesi-tajekoztato\/#breadcrumb\"},\"inLanguage\":\"de\",\"potentialAction\":[{\"@type\":\"ReadAction\",\"target\":[\"https:\/\/hacklima.hu\/adatkezelesi-tajekoztato\/\"]}]},{\"@type\":\"BreadcrumbList\",\"@id\":\"https:\/\/hacklima.hu\/adatkezelesi-tajekoztato\/#breadcrumb\",\"itemListElement\":[{\"@type\":\"ListItem\",\"position\":1,\"name\":\"Home\",\"item\":\"https:\/\/hacklima.hu\/\"},{\"@type\":\"ListItem\",\"position\":2,\"name\":\"Adatv\u00e9delmi ir\u00e1nyelvek\"}]},{\"@type\":\"WebSite\",\"@id\":\"https:\/\/hacklima.hu\/#website\",\"url\":\"https:\/\/hacklima.hu\/\",\"name\":\"HAC Kl\u00edma\",\"description\":\"Klimatiz\u00e1l\u00e1s, h\u00fct\u0151kamr\u00e1k \u00e9s szell\u0151ztet\u0151 rendszerek\",\"potentialAction\":[{\"@type\":\"SearchAction\",\"target\":{\"@type\":\"EntryPoint\",\"urlTemplate\":\"https:\/\/hacklima.hu\/?s={search_term_string}\"},\"query-input\":{\"@type\":\"PropertyValueSpecification\",\"valueRequired\":true,\"valueName\":\"search_term_string\"}}],\"inLanguage\":\"de\"}]}<\/script>\n<!-- \/ Yoast SEO plugin. -->","yoast_head_json":{"title":"Adatv\u00e9delmi ir\u00e1nyelvek - HAC Kl\u00edma","robots":{"index":"index","follow":"follow","max-snippet":"max-snippet:-1","max-image-preview":"max-image-preview:large","max-video-preview":"max-video-preview:-1"},"canonical":"https:\/\/hacklima.hu\/de\/adatkezelesi-tajekoztato\/","og_locale":"de_DE","og_type":"article","og_title":"Adatv\u00e9delmi ir\u00e1nyelvek - HAC Kl\u00edma","og_description":"Adatv\u00e9delmi \u00e9s s\u00fcti t\u00e1j\u00e9koztat\u00f3amelyben t\u00e1j\u00e9koztatjuk \u00d6nt, mint honlapunk l\u00e1togat\u00f3j\u00e1t valamint szolg\u00e1ltat\u00e1saink ig\u00e9nybe vev\u0151j\u00e9t t\u00e1rsas\u00e1gunk adatkezel\u00e9si, adatv\u00e9delmi \u00e9s s\u00fcti szab\u00e1lyair\u00f3l.Az oldal SPAM v\u00e9delm\u00e9r\u0151l a Google reCAPTCHA v3 gondoskodik. A Google adatv\u00e9delmi ir\u00e1nyelvei and szolg\u00e1ltat\u00e1si felt\u00e9telei \u00e9rv\u00e9nyesek. This site is protected by reCAPTCHA and the Google Privacy Policy and Terms of Service apply.Kik vagyunk?T\u00e1rsas\u00e1gunk a GDPR 37. cikke alapj\u00e1n nem k\u00f6teles adatv\u00e9delmi tisztvisel\u0151 kinevez\u00e9s\u00e9re. T\u00e1rsas\u00e1gunk t\u00e1rhely szolg\u00e1ltat\u00f3ja:T\u00e1rsas\u00e1gunk az adatok kezel\u00e9se sor\u00e1n \u2013 \u00fcgyfeleink sz\u00ednvonalas kiszolg\u00e1l\u00e1sa \u00e9rdek\u00e9ben \u2013 az al\u00e1bbi adatfeldolgoz\u00f3kat veszi ig\u00e9nybe:Az \u00e1ltalunk kezelt adatok:Tev\u00e9kenys\u00e9g megnevez\u00e9se \u00e9s az adatkezel\u00e9s c\u00e9lja","og_url":"https:\/\/hacklima.hu\/de\/adatkezelesi-tajekoztato\/","og_site_name":"HAC Kl\u00edma","article_modified_time":"2021-05-09T19:10:16+00:00","twitter_card":"summary_large_image","twitter_misc":{"Gesch\u00e4tzte Lesezeit":"25\u00a0Minuten"},"schema":{"@context":"https:\/\/schema.org","@graph":[{"@type":"WebPage","@id":"https:\/\/hacklima.hu\/adatkezelesi-tajekoztato\/","url":"https:\/\/hacklima.hu\/adatkezelesi-tajekoztato\/","name":"Adatv\u00e9delmi ir\u00e1nyelvek - HAC Kl\u00edma","isPartOf":{"@id":"https:\/\/hacklima.hu\/#website"},"datePublished":"2021-02-12T18:26:26+00:00","dateModified":"2021-05-09T19:10:16+00:00","breadcrumb":{"@id":"https:\/\/hacklima.hu\/adatkezelesi-tajekoztato\/#breadcrumb"},"inLanguage":"de","potentialAction":[{"@type":"ReadAction","target":["https:\/\/hacklima.hu\/adatkezelesi-tajekoztato\/"]}]},{"@type":"BreadcrumbList","@id":"https:\/\/hacklima.hu\/adatkezelesi-tajekoztato\/#breadcrumb","itemListElement":[{"@type":"ListItem","position":1,"name":"Home","item":"https:\/\/hacklima.hu\/"},{"@type":"ListItem","position":2,"name":"Adatv\u00e9delmi ir\u00e1nyelvek"}]},{"@type":"WebSite","@id":"https:\/\/hacklima.hu\/#website","url":"https:\/\/hacklima.hu\/","name":"HAC Kl\u00edma","description":"Klimatiz\u00e1l\u00e1s, h\u00fct\u0151kamr\u00e1k \u00e9s szell\u0151ztet\u0151 rendszerek","potentialAction":[{"@type":"SearchAction","target":{"@type":"EntryPoint","urlTemplate":"https:\/\/hacklima.hu\/?s={search_term_string}"},"query-input":{"@type":"PropertyValueSpecification","valueRequired":true,"valueName":"search_term_string"}}],"inLanguage":"de"}]}},"_links":{"self":[{"href":"https:\/\/hacklima.hu\/de\/wp-json\/wp\/v2\/pages\/3","targetHints":{"allow":["GET"]}}],"collection":[{"href":"https:\/\/hacklima.hu\/de\/wp-json\/wp\/v2\/pages"}],"about":[{"href":"https:\/\/hacklima.hu\/de\/wp-json\/wp\/v2\/types\/page"}],"author":[{"embeddable":true,"href":"https:\/\/hacklima.hu\/de\/wp-json\/wp\/v2\/users\/2"}],"replies":[{"embeddable":true,"href":"https:\/\/hacklima.hu\/de\/wp-json\/wp\/v2\/comments?post=3"}],"version-history":[{"count":1,"href":"https:\/\/hacklima.hu\/de\/wp-json\/wp\/v2\/pages\/3\/revisions"}],"predecessor-version":[{"id":969,"href":"https:\/\/hacklima.hu\/de\/wp-json\/wp\/v2\/pages\/3\/revisions\/969"}],"wp:attachment":[{"href":"https:\/\/hacklima.hu\/de\/wp-json\/wp\/v2\/media?parent=3"}],"curies":[{"name":"wp","href":"https:\/\/api.w.org\/{rel}","templated":true}]}}